{"id":2320,"date":"2023-08-25T00:39:15","date_gmt":"2023-08-24T23:39:15","guid":{"rendered":"https:\/\/hul2.mendelu.cz\/?page_id=2320"},"modified":"2023-08-25T07:00:14","modified_gmt":"2023-08-25T06:00:14","slug":"vyber-literatury-na-tema-hul-a-biodiverzita","status":"publish","type":"page","link":"https:\/\/hul2.mendelu.cz\/?page_id=2320","title":{"rendered":"V\u00fdb\u011br literatury na t\u00e9ma \u201cHospod\u00e1\u0159sk\u00e1 \u00faprava lesa a biodiverzita\u201d"},"content":{"rendered":"<p><em>Automaticky generov\u00e1no z priv\u00e1tn\u00edho prost\u0159ed\u00ed datab\u00e1ze Mendeley (se\u0159azeno sestupn\u011b podle nejnov\u011bj\u0161\u00edch publikac\u00ed). <\/em><\/p>\n<p class=\"wpmref\"><span class=\"wpmauthors\">Laura Zeller, Agnes F\u00f6rster, Constanze Keye, Peter Meyer, Christian Roschak, Christian Ammer<\/span> <span class=\"wpmyear\">(2023)<\/span> <span class=\"wpmtitle\">What does literature tell us about the relationship between forest structural attributes and species richness in temperate forests? \u2013 A review<\/span>, <span class=\"wpmoutlet\">Ecological Indicators<\/span> <span class=\"wpmvolume\">153<\/span><span class=\"wpmissue\">(April)<\/span>, <span class=\"wpmurl\"><a target=\"_blank\" href=\"https:\/\/doi.org\/10.1016\/j.ecolind.2023.110383\"><span class=\"wpmurldoi:10.1016\/j.ecolind.2023.110383\">doi:10.1016\/j.ecolind.2023.110383<\/span><\/a><\/span><br clear='all'\/><\/p>\n<p class=\"wpmref\"><span class=\"wpmauthors\">Petr Kju\u010dukov<\/span> <span class=\"wpmyear\">(2023)<\/span> <span class=\"wpmtitle\">Kl\u00ed\u010dov\u00e9 faktory pro ochranu lesn\u00ed biodiverzity ve St\u0159edn\u00ed Evrop\u011b: review<\/span>, <span class=\"wpmoutlet\">Zpr\u00e1vy lesnick\u00e9ho v\u00fdzkumu<\/span> <span class=\"wpmvolume\">68<\/span><span class=\"wpmissue\">(2)<\/span>, <span class=\"wpmpages\">p. 93-106<\/span>, <span class=\"wpmurl\"><a target=\"_blank\" href=\"https:\/\/www.vulhm.cz\/zlv_online_detail\/klicove-faktory-pro-ochranu-lesni-biodiverzity-ve-stredni-evrope-review\/\"><span class=\"wpmurlurl\">url<\/span><\/a><\/span>, <span class=\"wpmurl\"><a target=\"_blank\" href=\"https:\/\/doi.org\/10.59269\/zlv\/2023\/2\/694\"><span class=\"wpmurldoi:10.59269\/zlv\/2023\/2\/694\">doi:10.59269\/zlv\/2023\/2\/694<\/span><\/a><\/span><br clear='all'\/><\/p>\n<p class=\"wpmref\"><span class=\"wpmauthors\">Juliette Hunault-Fontbonne, Kyle Eyvindson<\/span> <span class=\"wpmyear\">(2023)<\/span> <span class=\"wpmtitle\">Bridging the gap between forest planning and ecology in biodiversity forecasts: A review<\/span>, <span class=\"wpmoutlet\">Ecological Indicators<\/span> <span class=\"wpmvolume\">154<\/span><span class=\"wpmissue\">(May)<\/span>, <span class=\"wpmpages\">p. 110620<\/span>, <span class=\"wpmpublisher\">Elsevier Ltd<\/span>, <span class=\"wpmurl\"><a target=\"_blank\" href=\"https:\/\/doi.org\/10.1016\/j.ecolind.2023.110620\"><span class=\"wpmurlurl\">url<\/span><\/a><\/span>, <span class=\"wpmurl\"><a target=\"_blank\" href=\"https:\/\/doi.org\/10.1016\/j.ecolind.2023.110620\"><span class=\"wpmurldoi:10.1016\/j.ecolind.2023.110620\">doi:10.1016\/j.ecolind.2023.110620<\/span><\/a><\/span><br clear='all'\/><\/p>\n<p class=\"wpmref\"><span class=\"wpmauthors\">Eskil Mattsson, Martin Erlandsson, Per Erik Karlsson, Hampus Holmstr\u00f6m<\/span> <span class=\"wpmyear\">(2022)<\/span> <span class=\"wpmtitle\">A Conceptual Landscape-Level Approach to Assess the Impacts of Forestry on Biodiversity<\/span>, <span class=\"wpmoutlet\">Sustainability<\/span> <span class=\"wpmvolume\">14<\/span><span class=\"wpmissue\">(7)<\/span>, <span class=\"wpmpages\">p. 4214<\/span>, <span class=\"wpmurl\"><a target=\"_blank\" href=\"https:\/\/www.mdpi.com\/2071-1050\/14\/7\/4214\"><span class=\"wpmurlurl\">url<\/span><\/a><\/span>, <span class=\"wpmurl\"><a target=\"_blank\" href=\"https:\/\/doi.org\/10.3390\/su14074214\"><span class=\"wpmurldoi:10.3390\/su14074214\">doi:10.3390\/su14074214<\/span><\/a><\/span><br clear='all'\/><\/p>\n<p class=\"wpmref\"><span class=\"wpmauthors\">P Kju\u010dukov, J Hofmeister, R Ba\u010de, L V\u00edtkov\u00e1, M Svoboda<\/span> <span class=\"wpmyear\">(2022)<\/span> <span class=\"wpmtitle\">The effects of forest management on biodiversity in the Czech Republic: an overview of biologists\u2019 opinions<\/span>, <span class=\"wpmoutlet\">iForest - Biogeosciences and Forestry<\/span> <span class=\"wpmvolume\">15<\/span><span class=\"wpmissue\">(3)<\/span>, <span class=\"wpmpages\">p. 187-196<\/span>, <span class=\"wpmurl\"><a target=\"_blank\" href=\"https:\/\/iforest.sisef.org\/?doi=ifor3953-015\"><span class=\"wpmurlurl\">url<\/span><\/a><\/span>, <span class=\"wpmurl\"><a target=\"_blank\" href=\"https:\/\/doi.org\/10.3832\/ifor3953-015\"><span class=\"wpmurldoi:10.3832\/ifor3953-015\">doi:10.3832\/ifor3953-015<\/span><\/a><\/span><br clear='all'\/><\/p>\n<p class=\"wpmref\"><span class=\"wpmauthors\">Bart Muys, Per Angelstam, J\u00fcrgen Bauhus, Laura Bouriaud, Herv\u00e9 Jactel, Hojka Kraigher, J\u00f6rg M\u00fcller, Nathalie Pettorelli, Nathalie P\u00f6tzelsberger, Eeva Primmer, Miroslav Svoboda, Bo Jellesmark Thorsen, Koenraad Van Meerbeek<\/span> <span class=\"wpmyear\">(2022)<\/span> <span class=\"wpmtitle\">Forest Biodiversity in Europe. From Science to Policy 13.<\/span>, <span class=\"wpmoutlet\">From Science to Policy<\/span> <span class=\"wpmvolume\">13<\/span><span class=\"wpmissue\">(May)<\/span>, <span class=\"wpmpages\">p. 1-58<\/span>, <span class=\"wpmpublisher\">European Forest Institute<\/span>, <span class=\"wpmurl\"><a target=\"_blank\" href=\"https:\/\/doi.org\/10.36333\/fs13\"><span class=\"wpmurlurl\">url<\/span><\/a><\/span>, <span class=\"wpmurl\"><a target=\"_blank\" href=\"https:\/\/doi.org\/10.36333\/fs13\"><span class=\"wpmurldoi:10.36333\/fs13\">doi:10.36333\/fs13<\/span><\/a><\/span><br clear='all'\/><\/p>\n<p class=\"wpmref\"><span class=\"wpmauthors\">R. Duflot, K. Eyvindson, M. M\u00f6nkk\u00f6nen<\/span> <span class=\"wpmyear\">(2022)<\/span> <span class=\"wpmtitle\">Management diversification increases habitat availability for multiple biodiversity indicator species in production forests<\/span>, <span class=\"wpmoutlet\">Landscape Ecology<\/span> <span class=\"wpmvolume\">37<\/span><span class=\"wpmissue\">(2)<\/span>, <span class=\"wpmpages\">p. 443-459<\/span>, <span class=\"wpmurl\"><a target=\"_blank\" href=\"https:\/\/doi.org\/10.1007\/s10980-021-01375-8\"><span class=\"wpmurldoi:10.1007\/s10980-021-01375-8\">doi:10.1007\/s10980-021-01375-8<\/span><\/a><\/span><br clear='all'\/><\/p>\n<p class=\"wpmref\"><span class=\"wpmauthors\">R\u00e9mi Duflot, Lenore Fahrig, Mikko M\u00f6nkk\u00f6nen<\/span> <span class=\"wpmyear\">(2022)<\/span> <span class=\"wpmtitle\">Management diversity begets biodiversity in production forest landscapes<\/span>, <span class=\"wpmoutlet\">Biological Conservation<\/span> <span class=\"wpmvolume\">268<\/span><span class=\"wpmissue\">(February)<\/span>, <span class=\"wpmpages\">p. 109514<\/span>, <span class=\"wpmurl\"><a target=\"_blank\" href=\"https:\/\/linkinghub.elsevier.com\/retrieve\/pii\/S0006320722000672\"><span class=\"wpmurlurl\">url<\/span><\/a><\/span>, <span class=\"wpmurl\"><a target=\"_blank\" href=\"https:\/\/doi.org\/10.1016\/j.biocon.2022.109514\"><span class=\"wpmurldoi:10.1016\/j.biocon.2022.109514\">doi:10.1016\/j.biocon.2022.109514<\/span><\/a><\/span><br clear='all'\/><\/p>\n<p class=\"wpmref\"><span class=\"wpmauthors\">Sini Savilaakso, Anna Johansson, Matti H\u00e4kkil\u00e4, Anne Uusitalo, Terhi Sandgren, Mikko M\u00f6nkk\u00f6nen, Pasi Puttonen<\/span> <span class=\"wpmyear\">(2021)<\/span> <span class=\"wpmtitle\">What are the effects of even-aged and uneven-aged forest management on boreal forest biodiversity in Fennoscandia and European Russia? A systematic review<\/span>, <span class=\"wpmoutlet\">Environmental Evidence<\/span> <span class=\"wpmvolume\">10<\/span><span class=\"wpmissue\">(1)<\/span>, <span class=\"wpmpages\">p. 1-38<\/span>, <span class=\"wpmpublisher\">BioMed Central<\/span>, <span class=\"wpmurl\"><a target=\"_blank\" href=\"https:\/\/doi.org\/10.1186\/s13750-020-00215-7\"><span class=\"wpmurlurl\">url<\/span><\/a><\/span>, <span class=\"wpmurl\"><a target=\"_blank\" href=\"https:\/\/doi.org\/10.1186\/s13750-020-00215-7\"><span class=\"wpmurldoi:10.1186\/s13750-020-00215-7\">doi:10.1186\/s13750-020-00215-7<\/span><\/a><\/span><br clear='all'\/><\/p>\n<p class=\"wpmref\"><span class=\"wpmauthors\">Elisabeth P\u00f6tzelsberger, Andreas Schuck, Michael den Herder<\/span> <span class=\"wpmyear\">(2021)<\/span> <span class=\"wpmtitle\">How does forest management affect biodiversity?<\/span>, <span class=\"wpmoutlet\">European Forest Institute (EFI)<\/span>, <span class=\"wpmurl\"><a target=\"_blank\" href=\"https:\/\/efi.int\/forestquestions\/q6\"><span class=\"wpmurlurl\">url<\/span><\/a><\/span><br clear='all'\/><\/p>\n<p class=\"wpmref\"><span class=\"wpmauthors\">Janine Oettel, Katharina Lapin<\/span> <span class=\"wpmyear\">(2021)<\/span> <span class=\"wpmtitle\">Linking forest management and biodiversity indicators to strengthen sustainable forest management in Europe<\/span>, <span class=\"wpmoutlet\">Ecological Indicators<\/span> <span class=\"wpmvolume\">122<\/span>, <span class=\"wpmpages\">p. 107275<\/span>, <span class=\"wpmpublisher\">Elsevier Ltd<\/span>, <span class=\"wpmurl\"><a target=\"_blank\" href=\"https:\/\/doi.org\/10.1016\/j.ecolind.2020.107275\"><span class=\"wpmurlurl\">url<\/span><\/a><\/span>, <span class=\"wpmurl\"><a target=\"_blank\" href=\"https:\/\/doi.org\/10.1016\/j.ecolind.2020.107275\"><span class=\"wpmurldoi:10.1016\/j.ecolind.2020.107275\">doi:10.1016\/j.ecolind.2020.107275<\/span><\/a><\/span><br clear='all'\/><\/p>\n<p class=\"wpmref\"><span class=\"wpmauthors\">Thomas Asbeck, Francesco Sabatini, Andrey L.D. Augustynczik, Marco Basile, Jan Helbach, Marlotte Jonker, Anna Knuff, J\u00fcrgen Bauhus<\/span> <span class=\"wpmyear\">(2021)<\/span> <span class=\"wpmtitle\">Biodiversity response to forest management intensity, carbon stocks and net primary production in temperate montane forests<\/span>, <span class=\"wpmoutlet\">Scientific Reports<\/span> <span class=\"wpmvolume\">11<\/span><span class=\"wpmissue\">(1)<\/span>, <span class=\"wpmpages\">p. 1-11<\/span>, <span class=\"wpmpublisher\">Nature Publishing Group UK<\/span>, <span class=\"wpmurl\"><a target=\"_blank\" href=\"https:\/\/doi.org\/10.1038\/s41598-020-80499-4\"><span class=\"wpmurlurl\">url<\/span><\/a><\/span>, <span class=\"wpmurl\"><a target=\"_blank\" href=\"https:\/\/doi.org\/10.1038\/s41598-020-80499-4\"><span class=\"wpmurldoi:10.1038\/s41598-020-80499-4\">doi:10.1038\/s41598-020-80499-4<\/span><\/a><\/span><br clear='all'\/><\/p>\n<p class=\"wpmref\"><span class=\"wpmauthors\">Elisabeth P\u00f6tzelsberger, J\u00fcrgen Bauhus, Bart Muys, Sven Wunder, Michele Bozzano, Anna-Maria Farsakoglou, Andreas Schuck, Marcus Lindner, Katharina Lapin<\/span> <span class=\"wpmyear\">(2021)<\/span> <span class=\"wpmtitle\">Forest biodiversity in the spotlight \u2013 what drives change?<\/span>, <span class=\"wpmurl\"><a target=\"_blank\" href=\"https:\/\/efi.int\/publications-bank\/forest-biodiversity-spotlight-what-drives-change\"><span class=\"wpmurlurl\">url<\/span><\/a><\/span><br clear='all'\/><\/p>\n<p class=\"wpmref\"><span class=\"wpmauthors\">Petr Kju\u010dukov, Miroslav Svoboda, Radek Ba\u010de<\/span> <span class=\"wpmyear\">(2021)<\/span> <span class=\"wpmtitle\">Ekologick\u00e9 lesnictv\u00ed \u2013 vhodn\u00e1 cesta k rozmanit\u00e9mu lesu<\/span>, <span class=\"wpmoutlet\">Jin\u00e9 klima - jin\u00fd les<\/span>, <span class=\"wpmeditors\">Petr Pet\u0159\u00edk, Josef Fanta (ed.)<\/span>, <span class=\"wpmpages\">p. 97-103<\/span>, <span class=\"wpmpublisher\">Praha: Academia<\/span><br clear='all'\/><\/p>\n<p class=\"wpmref\"><span class=\"wpmauthors\">Michael Heym, Enno Uhl, Ralf Moshammer, Jochen Dieler, Kilian Stimm, Hans Pretzsch<\/span> <span class=\"wpmyear\">(2021)<\/span> <span class=\"wpmtitle\">Utilising forest inventory data for biodiversity assessment<\/span>, <span class=\"wpmoutlet\">Ecological Indicators<\/span> <span class=\"wpmvolume\">121<\/span>, <span class=\"wpmpages\">p. 107196<\/span>, <span class=\"wpmpublisher\">Elsevier Ltd<\/span>, <span class=\"wpmurl\"><a target=\"_blank\" href=\"https:\/\/doi.org\/10.1016\/j.ecolind.2020.107196\"><span class=\"wpmurlurl\">url<\/span><\/a><\/span>, <span class=\"wpmurl\"><a target=\"_blank\" href=\"https:\/\/doi.org\/10.1016\/j.ecolind.2020.107196\"><span class=\"wpmurldoi:10.1016\/j.ecolind.2020.107196\">doi:10.1016\/j.ecolind.2020.107196<\/span><\/a><\/span><br clear='all'\/><\/p>\n<p class=\"wpmref\"><span class=\"wpmauthors\">Julius Sebald, Timothy Thrippleton, Werner Rammer, Harald Bugmann, Rupert Seidl<\/span> <span class=\"wpmyear\">(2021)<\/span> <span class=\"wpmtitle\">Mixing tree species at different spatial scales: The effect of alpha, beta and gamma diversity on disturbance impacts under climate change<\/span>, <span class=\"wpmoutlet\">Journal of Applied Ecology<\/span> <span class=\"wpmvolume\">58<\/span><span class=\"wpmissue\">(8)<\/span>, <span class=\"wpmpages\">p. 1749-1763<\/span>, <span class=\"wpmurl\"><a target=\"_blank\" href=\"https:\/\/doi.org\/10.1111\/1365-2664.13912\"><span class=\"wpmurldoi:10.1111\/1365-2664.13912\">doi:10.1111\/1365-2664.13912<\/span><\/a><\/span><br clear='all'\/><\/p>\n<p class=\"wpmref\"><span class=\"wpmauthors\">Peter Schall, Steffi Heinrichs, Christian Ammer, Manfred Ayasse, Steffen Boch, Fran\u00e7ois Buscot, Markus Fischer, Kezia Goldmann, J\u00f6rg Overmann, Ernst Detlef Schulze, Johannes Sikorski, Wolfgang W. Weisser, Tesfaye Wubet, Martin M. Gossner<\/span> <span class=\"wpmyear\">(2021)<\/span> <span class=\"wpmtitle\">Among stand heterogeneity is key for biodiversity in managed beech forests but does not question the value of unmanaged forests: Response to Bruun and Heilmann-Clausen (2021)<\/span>, <span class=\"wpmoutlet\">Journal of Applied Ecology<\/span> <span class=\"wpmvolume\">58<\/span><span class=\"wpmissue\">(9)<\/span>, <span class=\"wpmpages\">p. 1817-1826<\/span>, <span class=\"wpmurl\"><a target=\"_blank\" href=\"https:\/\/doi.org\/10.1111\/1365-2664.13959\"><span class=\"wpmurldoi:10.1111\/1365-2664.13959\">doi:10.1111\/1365-2664.13959<\/span><\/a><\/span><br clear='all'\/><\/p>\n<p class=\"wpmref\"><span class=\"wpmauthors\">Frank Krumm, Andreas Schuck, Andreas Rigling,  (eds)<\/span> <span class=\"wpmyear\">(2020)<\/span> <span class=\"wpmtitle\">How to balance forestry and biodiversity conservation ? A view across Europe<\/span>, <span class=\"wpmpages\">p. 640<\/span>, <span class=\"wpmpublisher\">European Forest Institute (EFI); Swiss Federal Institute for Forest, Snow and Landscape Research (WSL), Birmensdorf<\/span>, <span class=\"wpmurl\"><a target=\"_blank\" href=\"https:\/\/doi.org\/10.16904\/envidat.196\"><span class=\"wpmurldoi:10.16904\/envidat.196\">doi:10.16904\/envidat.196<\/span><\/a><\/span><br clear='all'\/><\/p>\n<p class=\"wpmref\"><span class=\"wpmauthors\">Keith L Kline<\/span> <span class=\"wpmyear\">(2020)<\/span> <span class=\"wpmtitle\">Protecting Biodiversity through Forest Management: Lessons Learned and Strategies for Success<\/span>, <span class=\"wpmoutlet\">International Journal of Environmental Sciences & Natural Resources<\/span> <span class=\"wpmvolume\">26<\/span><span class=\"wpmissue\">(4)<\/span>, <span class=\"wpmpages\">p. 121-126<\/span>, <span class=\"wpmurl\"><a target=\"_blank\" href=\"https:\/\/doi.org\/10.19080\/ijesnr.2020.26.556194\"><span class=\"wpmurldoi:10.19080\/ijesnr.2020.26.556194\">doi:10.19080\/ijesnr.2020.26.556194<\/span><\/a><\/span><br clear='all'\/><\/p>\n<p class=\"wpmref\"><span class=\"wpmauthors\">Joachim Maes, Anne Teller, Markus Erhard, Sophie Cond\u00e9, Sara Vallecillo, Jos\u00e9 I Barredo, Maria Luisa, Dania Abdul Malak, Marco Trombetti, Olga Vigiak, Grazia Zulian, Anna M Addamo, Bruna Grizzetti, Francesca Somma, Andrea Hagyo, Peter Vogt, Chiara Polce, Arwyn Jones, Ana I Marin, Eva Ivits, Achille Mauri, Carlo Rega, B\u00e1lint Cz\u00facz, Guido Ceccherini, Enrico Pisoni, Andrej Ceglar, Pierluca De Palma, Iacopo Cerrani, Michele Meroni, Giovanni Caudullo, Emanuele Lugato, J\u00fcrgen V Vogt, Jonathan Spinoni, Carmelo Cammalleri, Annemarie Bastrup-birk, Jes\u00fas San Miguel, Sonsoles San Rom\u00e1n, Peter Kristensen, Trine Christiansen, Ad De Roo, Ana Cristina Cardoso, Alberto Pistocchi, Irene Del, Barrio Alvarellos, Konstantinos Tsiamis, Eugenio Gervasini, Ivan Deriu, Alessandra La Notte, Raul Abad Vi\u00f1as, Matteo Vizzarri, Andrea Camia, Georgia Kakoulaki, Eduardo Garcia Bendito, Panos Panagos, Cristiano Ballabio, Simone Scarpa, Alberto Orgiazzi, Oihane Fernandez Ugalde, Fernando Santos-mart\u00edn<\/span> <span class=\"wpmyear\">(2020)<\/span> <span class=\"wpmtitle\">Mapping and Assessment of Ecosystems and their Services: An EU ecosystem assessment<\/span>, <span class=\"wpmpages\">p. 446<\/span>, <span class=\"wpmpublisher\">European Union<\/span>, <span class=\"wpmurl\"><a target=\"_blank\" href=\"https:\/\/doi.org\/10.2760\/757183\"><span class=\"wpmurldoi:10.2760\/757183\">doi:10.2760\/757183<\/span><\/a><\/span><br clear='all'\/><\/p>\n<p class=\"wpmref\"><span class=\"wpmauthors\">Dominik Thom, William S. Keeton<\/span> <span class=\"wpmyear\">(2020)<\/span> <span class=\"wpmtitle\">Disturbance-based silviculture for habitat diversification: Effects on forest structure, dynamics, and carbon storage<\/span>, <span class=\"wpmoutlet\">Forest Ecology and Management<\/span> <span class=\"wpmvolume\">469<\/span><span class=\"wpmissue\">(March)<\/span>, <span class=\"wpmpages\">p. 118132<\/span>, <span class=\"wpmpublisher\">Elsevier<\/span>, <span class=\"wpmurl\"><a target=\"_blank\" href=\"https:\/\/doi.org\/10.1016\/j.foreco.2020.118132\"><span class=\"wpmurlurl\">url<\/span><\/a><\/span>, <span class=\"wpmurl\"><a target=\"_blank\" href=\"https:\/\/doi.org\/10.1016\/j.foreco.2020.118132\"><span class=\"wpmurldoi:10.1016\/j.foreco.2020.118132\">doi:10.1016\/j.foreco.2020.118132<\/span><\/a><\/span><br clear='all'\/><\/p>\n<p class=\"wpmref\"><span class=\"wpmauthors\">P. J. Verkerk, R. Costanza, L. Hetem\u00e4ki, I. Kubiszewski, P. Leskinen, G. J. Nabuurs, J. Poto\u010dnik, M. Palah\u00ed<\/span> <span class=\"wpmyear\">(2020)<\/span> <span class=\"wpmtitle\">Climate-Smart Forestry: the missing link<\/span>, <span class=\"wpmoutlet\">Forest Policy and Economics<\/span> <span class=\"wpmvolume\">115<\/span><span class=\"wpmissue\">(January)<\/span>, <span class=\"wpmurl\"><a target=\"_blank\" href=\"https:\/\/doi.org\/10.1016\/j.forpol.2020.102164\"><span class=\"wpmurldoi:10.1016\/j.forpol.2020.102164\">doi:10.1016\/j.forpol.2020.102164<\/span><\/a><\/span><br clear='all'\/><\/p>\n<p class=\"wpmref\"><span class=\"wpmauthors\">Marija \u0106osovi\u0107, Miguel Bugalho, Dominik Thom, Jos\u00e9 Borges<\/span> <span class=\"wpmyear\">(2020)<\/span> <span class=\"wpmtitle\">Stand Structural Characteristics Are the Most Practical Biodiversity Indicators for Forest Management Planning in Europe<\/span>, <span class=\"wpmoutlet\">Forests<\/span> <span class=\"wpmvolume\">11<\/span><span class=\"wpmissue\">(3)<\/span>, <span class=\"wpmpages\">p. 343<\/span>, <span class=\"wpmurl\"><a target=\"_blank\" href=\"https:\/\/www.mdpi.com\/1999-4907\/11\/3\/343\"><span class=\"wpmurlurl\">url<\/span><\/a><\/span>, <span class=\"wpmurl\"><a target=\"_blank\" href=\"https:\/\/doi.org\/10.3390\/f11030343\"><span class=\"wpmurldoi:10.3390\/f11030343\">doi:10.3390\/f11030343<\/span><\/a><\/span><br clear='all'\/><\/p>\n<p class=\"wpmref\"><span class=\"wpmauthors\">Peter Schall, Steffi Heinrichs, Christian Ammer, Manfred Ayasse, Steffen Boch, Fran\u00e7ois Buscot, Markus Fischer, Kezia Goldmann, J\u00f6rg Overmann, Ernst Detlef Schulze, Johannes Sikorski, Wolfgang W. Weisser, Tesfaye Wubet, Martin M. Gossner<\/span> <span class=\"wpmyear\">(2020)<\/span> <span class=\"wpmtitle\">Can multi-taxa diversity in European beech forest landscapes be increased by combining different management systems?<\/span>, <span class=\"wpmoutlet\">Journal of Applied Ecology<\/span> <span class=\"wpmvolume\">57<\/span><span class=\"wpmissue\">(7)<\/span>, <span class=\"wpmpages\">p. 1363-1375<\/span>, <span class=\"wpmurl\"><a target=\"_blank\" href=\"https:\/\/doi.org\/10.1111\/1365-2664.13635\"><span class=\"wpmurldoi:10.1111\/1365-2664.13635\">doi:10.1111\/1365-2664.13635<\/span><\/a><\/span><br clear='all'\/><\/p>\n<p class=\"wpmref\"><span class=\"wpmauthors\">Jaroslav Vojta<\/span> <span class=\"wpmyear\">(2020)<\/span> <span class=\"wpmtitle\">K\u0159oviny v pastevn\u00ed krajin\u011b<\/span>, <span class=\"wpmoutlet\">\u017diva<\/span><span class=\"wpmissue\">(5)<\/span>, <span class=\"wpmpages\">p. 250-251<\/span><br clear='all'\/><\/p>\n<p class=\"wpmref\"><span class=\"wpmauthors\">Felix Storch, Gerald K\u00e4ndler, J\u00fcrgen Bauhus<\/span> <span class=\"wpmyear\">(2019)<\/span> <span class=\"wpmtitle\">Assessing the influence of harvesting intensities on structural diversity of forests in south-west Germany<\/span>, <span class=\"wpmoutlet\">Forest Ecosystems<\/span> <span class=\"wpmvolume\">6<\/span><span class=\"wpmissue\">(1)<\/span>, <span class=\"wpmpages\">p. 1-12<\/span>, <span class=\"wpmpublisher\">Forest Ecosystems<\/span>, <span class=\"wpmurl\"><a target=\"_blank\" href=\"https:\/\/doi.org\/10.1186\/s40663-019-0199-6\"><span class=\"wpmurldoi:10.1186\/s40663-019-0199-6\">doi:10.1186\/s40663-019-0199-6<\/span><\/a><\/span><br clear='all'\/><\/p>\n<p class=\"wpmref\"><span class=\"wpmauthors\">Kristina Sever, Thomas A. Nagel<\/span> <span class=\"wpmyear\">(2019)<\/span> <span class=\"wpmtitle\">Patterns of tree microhabitats across a gradient of managed to old-growth conditions<\/span>, <span class=\"wpmoutlet\">Acta Silvae et Ligni<\/span> <span class=\"wpmvolume\">118<\/span>, <span class=\"wpmpages\">p. 29-40<\/span>, <span class=\"wpmurl\"><a target=\"_blank\" href=\"https:\/\/doi.org\/10.20315\/asetl.118.3\"><span class=\"wpmurldoi:10.20315\/asetl.118.3\">doi:10.20315\/asetl.118.3<\/span><\/a><\/span><br clear='all'\/><\/p>\n<p class=\"wpmref\"><span class=\"wpmauthors\">Andrey Lessa Derci Augustynczik, Thomas Asbeck, Marco Basile, J\u00fcrgen Bauhus, Ilse Storch, Grzegorz Mikusi\u0144ski, Rasoul Yousefpour, Marc Hanewinkel<\/span> <span class=\"wpmyear\">(2019)<\/span> <span class=\"wpmtitle\">Diversification of forest management regimes secures tree microhabitats and bird abundance under climate change<\/span>, <span class=\"wpmoutlet\">Science of the Total Environment<\/span> <span class=\"wpmvolume\">650<\/span>, <span class=\"wpmpages\">p. 2717-2730<\/span>, <span class=\"wpmurl\"><a target=\"_blank\" href=\"https:\/\/doi.org\/10.1016\/j.scitotenv.2018.09.366\"><span class=\"wpmurldoi:10.1016\/j.scitotenv.2018.09.366\">doi:10.1016\/j.scitotenv.2018.09.366<\/span><\/a><\/span><br clear='all'\/><\/p>\n<p class=\"wpmref\"><span class=\"wpmauthors\">Michael Beckmann, Katharina Gerstner, Morodoluwa Akin-Fajiye, Silvia Ceau\u0219u, Stephan Kambach, Nicole L. Kinlock, Helen R.P. Phillips, Willem Verhagen, Jessica Gurevitch, Stefan Klotz, Tim Newbold, Peter H. Verburg, Marten Winter, Ralf Seppelt<\/span> <span class=\"wpmyear\">(2019)<\/span> <span class=\"wpmtitle\">Conventional land-use intensification reduces species richness and increases production: A global meta-analysis<\/span>, <span class=\"wpmoutlet\">Global Change Biology<\/span> <span class=\"wpmvolume\">25<\/span><span class=\"wpmissue\">(6)<\/span>, <span class=\"wpmpages\">p. 1941-1956<\/span>, <span class=\"wpmurl\"><a target=\"_blank\" href=\"https:\/\/doi.org\/10.1111\/gcb.14606\"><span class=\"wpmurldoi:10.1111\/gcb.14606\">doi:10.1111\/gcb.14606<\/span><\/a><\/span><br clear='all'\/><\/p>\n<p class=\"wpmref\"><span class=\"wpmauthors\">Thomas Asbeck, Patrick Pyttel, Julian Frey, J\u00fcrgen Bauhus<\/span> <span class=\"wpmyear\">(2019)<\/span> <span class=\"wpmtitle\">Predicting abundance and diversity of tree-related microhabitats in Central European montane forests from common forest attributes<\/span>, <span class=\"wpmoutlet\">Forest Ecology and Management<\/span> <span class=\"wpmvolume\">432<\/span><span class=\"wpmissue\">(June 2018)<\/span>, <span class=\"wpmpages\">p. 400-408<\/span>, <span class=\"wpmurl\"><a target=\"_blank\" href=\"https:\/\/doi.org\/10.1016\/j.foreco.2018.09.043\"><span class=\"wpmurldoi:10.1016\/j.foreco.2018.09.043\">doi:10.1016\/j.foreco.2018.09.043<\/span><\/a><\/span><br clear='all'\/><\/p>\n<p class=\"wpmref\"><span class=\"wpmauthors\">Sebastian Seibold, Martin M. Gossner, Nadja K. Simons, Nico Bl\u00fcthgen, J\u00f6rg M\u00fcller, Didem Ambarl\u0131, Christian Ammer, J\u00fcrgen Bauhus, Markus Fischer, Jan C. Habel, Karl Eduard Linsenmair, Thomas Nauss, Caterina Penone, Daniel Prati, Peter Schall, Ernst Detlef Schulze, Juliane Vogt, Stephan W\u00f6llauer, Wolfgang W. Weisser<\/span> <span class=\"wpmyear\">(2019)<\/span> <span class=\"wpmtitle\">Arthropod decline in grasslands and forests is associated with landscape-level drivers<\/span>, <span class=\"wpmoutlet\">Nature<\/span> <span class=\"wpmvolume\">574<\/span><span class=\"wpmissue\">(7780)<\/span>, <span class=\"wpmpages\">p. 671-674<\/span>, <span class=\"wpmpublisher\">Springer US<\/span>, <span class=\"wpmurl\"><a target=\"_blank\" href=\"http:\/\/dx.doi.org\/10.1038\/s41586-019-1684-3\"><span class=\"wpmurlurl\">url<\/span><\/a><\/span>, <span class=\"wpmurl\"><a target=\"_blank\" href=\"https:\/\/doi.org\/10.1038\/s41586-019-1684-3\"><span class=\"wpmurldoi:10.1038\/s41586-019-1684-3\">doi:10.1038\/s41586-019-1684-3<\/span><\/a><\/span><br clear='all'\/><\/p>\n<p class=\"wpmref\"><span class=\"wpmauthors\">Francesco Maria Sabatini, Rafael Barreto de Andrade, Yoan Paillet, P\u00e9ter \u00d3dor, Christophe Bouget, Thomas Campagnaro, Fr\u00e9d\u00e9ric Gosselin, Philippe Janssen, Walter Mattioli, Juri Nascimbene, Tommaso Sitzia, Tobias Kuemmerle, Sabina Burrascano<\/span> <span class=\"wpmyear\">(2019)<\/span> <span class=\"wpmtitle\">Trade-offs between carbon stocks and biodiversity in European temperate forests<\/span>, <span class=\"wpmoutlet\">Global Change Biology<\/span> <span class=\"wpmvolume\">25<\/span><span class=\"wpmissue\">(2)<\/span>, <span class=\"wpmpages\">p. 536-548<\/span>, <span class=\"wpmurl\"><a target=\"_blank\" href=\"https:\/\/doi.org\/10.1111\/gcb.14503\"><span class=\"wpmurldoi:10.1111\/gcb.14503\">doi:10.1111\/gcb.14503<\/span><\/a><\/span><br clear='all'\/><\/p>\n<p class=\"wpmref\"><span class=\"wpmauthors\">Chiara Lelli, Hans Henrik Bruun, Alessandro Chiarucci, Davide Donati, Fabrizio Frascaroli, \u00d6rjan Fritz, Irina Goldberg, Juri Nascimbene, Anders P. T\u00f8ttrup, Carsten Rahbek, Jacob Heilmann-Clausen<\/span> <span class=\"wpmyear\">(2019)<\/span> <span class=\"wpmtitle\">Biodiversity response to forest structure and management: Comparing species richness, conservation relevant species and functional diversity as metrics in forest conservation<\/span>, <span class=\"wpmoutlet\">Forest Ecology and Management<\/span> <span class=\"wpmvolume\">432<\/span><span class=\"wpmissue\">(June 2018)<\/span>, <span class=\"wpmpages\">p. 707-717<\/span>, <span class=\"wpmpublisher\">Elsevier<\/span>, <span class=\"wpmurl\"><a target=\"_blank\" href=\"https:\/\/doi.org\/10.1016\/j.foreco.2018.09.057\"><span class=\"wpmurlurl\">url<\/span><\/a><\/span>, <span class=\"wpmurl\"><a target=\"_blank\" href=\"https:\/\/doi.org\/10.1016\/j.foreco.2018.09.057\"><span class=\"wpmurldoi:10.1016\/j.foreco.2018.09.057\">doi:10.1016\/j.foreco.2018.09.057<\/span><\/a><\/span><br clear='all'\/><\/p>\n<p class=\"wpmref\"><span class=\"wpmauthors\">Ram Sharma, Zden\u011bk Vacek, Stanislav Vacek, Milo\u0161 Ku\u010dera<\/span> <span class=\"wpmyear\">(2019)<\/span> <span class=\"wpmtitle\">A Nonlinear Mixed-Effects Height-to-Diameter Ratio Model for Several Tree Species Based on Czech National Forest Inventory Data<\/span>, <span class=\"wpmoutlet\">Forests<\/span> <span class=\"wpmvolume\">10<\/span><span class=\"wpmissue\">(1)<\/span>, <span class=\"wpmpages\">p. 70<\/span>, <span class=\"wpmurl\"><a target=\"_blank\" href=\"http:\/\/www.mdpi.com\/1999-4907\/10\/1\/70\"><span class=\"wpmurlurl\">url<\/span><\/a><\/span>, <span class=\"wpmurl\"><a target=\"_blank\" href=\"https:\/\/doi.org\/10.3390\/f10010070\"><span class=\"wpmurldoi:10.3390\/f10010070\">doi:10.3390\/f10010070<\/span><\/a><\/span><br clear='all'\/><\/p>\n<p class=\"wpmref\"><span class=\"wpmauthors\">Andreas M\u00f6lder, Peter Meyer, Ralf Volker Nagel<\/span> <span class=\"wpmyear\">(2019)<\/span> <span class=\"wpmtitle\">Integrative management to sustain biodiversity and ecological continuity in Central European temperate oak (Quercus robur, Q. petraea) forests: An overview<\/span>, <span class=\"wpmoutlet\">Forest Ecology and Management<\/span> <span class=\"wpmvolume\">437<\/span><span class=\"wpmissue\">(January)<\/span>, <span class=\"wpmpages\">p. 324-339<\/span>, <span class=\"wpmpublisher\">Elsevier<\/span>, <span class=\"wpmurl\"><a target=\"_blank\" href=\"https:\/\/doi.org\/10.1016\/j.foreco.2019.01.006\"><span class=\"wpmurlurl\">url<\/span><\/a><\/span>, <span class=\"wpmurl\"><a target=\"_blank\" href=\"https:\/\/doi.org\/10.1016\/j.foreco.2019.01.006\"><span class=\"wpmurldoi:10.1016\/j.foreco.2019.01.006\">doi:10.1016\/j.foreco.2019.01.006<\/span><\/a><\/span><br clear='all'\/><\/p>\n<p class=\"wpmref\"><span class=\"wpmauthors\">Steffi Heinrichs, Christian Ammer, Martina Mund, Steffen Boch, Sabine Budde, Markus Fischer, J\u00f6rg M\u00fcller, Ingo Sch\u00f6ning, Ernst Detlef Schulze, Wolfgang Schmidt, Martin Weckesser, Peter Schall<\/span> <span class=\"wpmyear\">(2019)<\/span> <span class=\"wpmtitle\">Landscape-scale mixtures of tree species are more effective than stand-scale mixtures for biodiversity of vascular plants, bryophytes and lichens<\/span>, <span class=\"wpmoutlet\">Forests<\/span> <span class=\"wpmvolume\">10<\/span><span class=\"wpmissue\">(1)<\/span>, <span class=\"wpmurl\"><a target=\"_blank\" href=\"https:\/\/doi.org\/10.3390\/f10010073\"><span class=\"wpmurldoi:10.3390\/f10010073\">doi:10.3390\/f10010073<\/span><\/a><\/span><br clear='all'\/><\/p>\n<p class=\"wpmref\"><span class=\"wpmauthors\">Sini Savilaakso, Matti H\u00e4kkil\u00e4, Anna Johansson, Anne Uusitalo, Terhi Sandgren, Mikko M\u00f6nkk\u00f6nen, Pasi Puttonen<\/span> <span class=\"wpmyear\">(2019)<\/span> <span class=\"wpmtitle\">What are the effects of even-aged and uneven-aged forest management on boreal forest biodiversity in Fennoscandia and European Russia? A systematic review protocol<\/span>, <span class=\"wpmoutlet\">Environmental Evidence<\/span> <span class=\"wpmvolume\">8<\/span><span class=\"wpmissue\">(1)<\/span>, <span class=\"wpmpages\">p. 1-10<\/span>, <span class=\"wpmpublisher\">BioMed Central<\/span>, <span class=\"wpmurl\"><a target=\"_blank\" href=\"https:\/\/doi.org\/10.1186\/s13750-019-0160-8\"><span class=\"wpmurlurl\">url<\/span><\/a><\/span>, <span class=\"wpmurl\"><a target=\"_blank\" href=\"https:\/\/doi.org\/10.1186\/s13750-019-0160-8\"><span class=\"wpmurldoi:10.1186\/s13750-019-0160-8\">doi:10.1186\/s13750-019-0160-8<\/span><\/a><\/span><br clear='all'\/><\/p>\n<p class=\"wpmref\"><span class=\"wpmauthors\">Steffi Heinrichs, Christian Ammer, Peter Schall<\/span> <span class=\"wpmyear\">()<\/span> <span class=\"wpmtitle\">Forest management impact on biodiversity in Central European beech forests \u2013 It is the landscape level that matters<\/span>, <span class=\"wpmoutlet\">Silviculture & Forest Ecology of the Temperate Zones, Georg-August-Universit\u00e4t G\u00f6ttingen<\/span>, <span class=\"wpmpages\">p. 1-26<\/span>, <span class=\"wpmurl\"><a target=\"_blank\" href=\"https:\/\/www.klimarebild.dk\/sites\/klimarebild.subsites.rebild.dk\/files\/content-files\/2. Presentation_Heinrichs et al_Forest Symposium_Rebild_27.10.21_publish.pdf\"><span class=\"wpmurlpdf\">pdf<\/span><\/a><\/span><br clear='all'\/><\/p>\n<p class=\"wpmref\"><span class=\"wpmauthors\">David Storch<\/span> <span class=\"wpmyear\">(2019)<\/span> <span class=\"wpmtitle\">Biodiverzita: co to je, jak ji m\u011b\u0159it, co ji podmi\u0148uje a k \u010demu je to v\u0161echno dobr\u00e9<\/span>, <span class=\"wpmoutlet\">\u017diva<\/span> <span class=\"wpmvolume\">5<\/span>, <span class=\"wpmpages\">p. 194-197<\/span><br clear='all'\/><\/p>\n<p class=\"wpmref\"><span class=\"wpmauthors\">Peter Schall, Martin M. Gossner, Steffi Heinrichs, Markus Fischer, Steffen Boch, Daniel Prati, Kirsten Jung, Vanessa Baumgartner, Stefan Blaser, Stefan B\u00f6hm, Fran\u00e7ois Buscot, Rolf Daniel, Kezia Goldmann, Kristin Kaiser, Tiemo Kahl, Markus Lange, J\u00f6rg M\u00fcller, J\u00f6rg Overmann, Swen C. Renner, Ernst Detlef Schulze, Johannes Sikorski, Marco Tschapka, Manfred T\u00fcrke, Wolfgang W. Weisser, Bernd Wemheuer, Tesfaye Wubet, Christian Ammer<\/span> <span class=\"wpmyear\">(2018)<\/span> <span class=\"wpmtitle\">The impact of even-aged and uneven-aged forest management on regional biodiversity of multiple taxa in European beech forests<\/span>, <span class=\"wpmoutlet\">Journal of Applied Ecology<\/span> <span class=\"wpmvolume\">55<\/span><span class=\"wpmissue\">(1)<\/span>, <span class=\"wpmpages\">p. 267-278<\/span>, <span class=\"wpmurl\"><a target=\"_blank\" href=\"https:\/\/doi.org\/10.1111\/1365-2664.12950\"><span class=\"wpmurldoi:10.1111\/1365-2664.12950\">doi:10.1111\/1365-2664.12950<\/span><\/a><\/span><br clear='all'\/><\/p>\n<p class=\"wpmref\"><span class=\"wpmauthors\">Antonio J. S\u00e1nchez-Almendro, Pablo J. Hidalgo, Rosario Gal\u00e1n, Jos\u00e9 M. Carrasco, Javier L\u00f3pez-Tirado<\/span> <span class=\"wpmyear\">(2018)<\/span> <span class=\"wpmtitle\">Assessment and monitoring protocols to guarantee the maintenance of biodiversity in certified forests: A Case Study for FSC (Forest Stewardship Council) forests in southwestern Spain<\/span>, <span class=\"wpmoutlet\">Forests<\/span> <span class=\"wpmvolume\">9<\/span><span class=\"wpmissue\">(11)<\/span>, <span class=\"wpmurl\"><a target=\"_blank\" href=\"https:\/\/doi.org\/10.3390\/f9110705\"><span class=\"wpmurldoi:10.3390\/f9110705\">doi:10.3390\/f9110705<\/span><\/a><\/span><br clear='all'\/><\/p>\n<p class=\"wpmref\"><span class=\"wpmauthors\">Felix Storch, Carsten F. Dormann, J\u00fcrgen Bauhus<\/span> <span class=\"wpmyear\">(2018)<\/span> <span class=\"wpmtitle\">Quantifying forest structural diversity based on large-scale inventory data: A new approach to support biodiversity monitoring<\/span>, <span class=\"wpmoutlet\">Forest Ecosystems<\/span> <span class=\"wpmvolume\">5<\/span><span class=\"wpmissue\">(1)<\/span>, <span class=\"wpmpages\">p. 1-14<\/span>, <span class=\"wpmpublisher\">Forest Ecosystems<\/span>, <span class=\"wpmurl\"><a target=\"_blank\" href=\"https:\/\/doi.org\/10.1186\/s40663-018-0151-1\"><span class=\"wpmurldoi:10.1186\/s40663-018-0151-1\">doi:10.1186\/s40663-018-0151-1<\/span><\/a><\/span><br clear='all'\/><\/p>\n<p class=\"wpmref\"><span class=\"wpmauthors\">Melissa Stiers, Katharina Willim, Dominik Seidel, Martin Ehbrecht, Myroslav Kabal, Christian Ammer, Peter Annigh\u00f6fer<\/span> <span class=\"wpmyear\">(2018)<\/span> <span class=\"wpmtitle\">A quantitative comparison of the structural complexity of managed, lately unmanaged and primary European beech (Fagus sylvatica L.) forests<\/span>, <span class=\"wpmoutlet\">Forest Ecology and Management<\/span> <span class=\"wpmvolume\">430<\/span><span class=\"wpmissue\">(October 2019)<\/span>, <span class=\"wpmpages\">p. 357-365<\/span>, <span class=\"wpmurl\"><a target=\"_blank\" href=\"https:\/\/doi.org\/10.1016\/j.foreco.2018.08.039\"><span class=\"wpmurldoi:10.1016\/j.foreco.2018.08.039\">doi:10.1016\/j.foreco.2018.08.039<\/span><\/a><\/span><br clear='all'\/><\/p>\n<p class=\"wpmref\"><span class=\"wpmauthors\">Petr Kju\u010dukov, Miroslav Svoboda<\/span> <span class=\"wpmyear\">(2018)<\/span> <span class=\"wpmtitle\">Minimum pro ochranu biologick\u00e9 rozmanitosti v \u010desk\u00fdch les\u00edch<\/span>, <span class=\"wpmoutlet\">Lesnick\u00e1 pr\u00e1ce<\/span><span class=\"wpmissue\">(3)<\/span>, <span class=\"wpmpages\">p. 28-31<\/span><br clear='all'\/><\/p>\n<p class=\"wpmref\"><span class=\"wpmauthors\">Torben Hilmers, Nicolas Friess, Claus B\u00e4ssler, Marco Heurich, Roland Brandl, Hans Pretzsch, Rupert Seidl, J\u00f6rg M\u00fcller<\/span> <span class=\"wpmyear\">(2018)<\/span> <span class=\"wpmtitle\">Biodiversity along temperate forest succession<\/span>, <span class=\"wpmoutlet\">Journal of Applied Ecology<\/span> <span class=\"wpmvolume\">55<\/span><span class=\"wpmissue\">(6)<\/span>, <span class=\"wpmpages\">p. 2756-2766<\/span>, <span class=\"wpmurl\"><a target=\"_blank\" href=\"https:\/\/doi.org\/10.1111\/1365-2664.13238\"><span class=\"wpmurldoi:10.1111\/1365-2664.13238\">doi:10.1111\/1365-2664.13238<\/span><\/a><\/span><br clear='all'\/><\/p>\n<p class=\"wpmref\"><span class=\"wpmauthors\">Philippe Nolet, Daniel Kneeshaw, Christian Messier, Martin B\u00e9land<\/span> <span class=\"wpmyear\">(2018)<\/span> <span class=\"wpmtitle\">Comparing the effects of even- and uneven-aged silviculture on ecological diversity and processes: A review<\/span>, <span class=\"wpmoutlet\">Ecology and Evolution<\/span> <span class=\"wpmvolume\">8<\/span><span class=\"wpmissue\">(2)<\/span>, <span class=\"wpmpages\">p. 1217-1226<\/span>, <span class=\"wpmurl\"><a target=\"_blank\" href=\"https:\/\/doi.org\/10.1002\/ece3.3737\"><span class=\"wpmurldoi:10.1002\/ece3.3737\">doi:10.1002\/ece3.3737<\/span><\/a><\/span><br clear='all'\/><\/p>\n<p class=\"wpmref\"><span class=\"wpmauthors\">Andrea Scolastri, Laura Cancellieri, Marco Iocchi, Maurizio Cutini<\/span> <span class=\"wpmyear\">(2017)<\/span> <span class=\"wpmtitle\">Old coppice versus high forest: The impact of beech forest management on plant species diversity in central Apennines (Italy)<\/span>, <span class=\"wpmoutlet\">Journal of Plant Ecology<\/span> <span class=\"wpmvolume\">10<\/span><span class=\"wpmissue\">(2)<\/span>, <span class=\"wpmpages\">p. 271-280<\/span>, <span class=\"wpmurl\"><a target=\"_blank\" href=\"https:\/\/doi.org\/10.1093\/jpe\/rtw034\"><span class=\"wpmurldoi:10.1093\/jpe\/rtw034\">doi:10.1093\/jpe\/rtw034<\/span><\/a><\/span><br clear='all'\/><\/p>\n<p class=\"wpmref\"><span class=\"wpmauthors\">Marcin K. Dyderski, Jaros\u0142aw Tyborski, Andrzej M. Jagodzi\u0144ski<\/span> <span class=\"wpmyear\">(2017)<\/span> <span class=\"wpmtitle\">The utility of ancient forest indicator species in urban environments: A case study from Pozna\u0144, Poland<\/span>, <span class=\"wpmoutlet\">Urban Forestry and Urban Greening<\/span> <span class=\"wpmvolume\">27<\/span><span class=\"wpmissue\">(February)<\/span>, <span class=\"wpmpages\">p. 76-83<\/span>, <span class=\"wpmurl\"><a target=\"_blank\" href=\"https:\/\/doi.org\/10.1016\/j.ufug.2017.06.016\"><span class=\"wpmurldoi:10.1016\/j.ufug.2017.06.016\">doi:10.1016\/j.ufug.2017.06.016<\/span><\/a><\/span><br clear='all'\/><\/p>\n<p class=\"wpmref\"><span class=\"wpmauthors\">Tom\u00e1\u0161 Hl\u00e1sny, Ivan Barka, Ladislav Kulla, Tom\u00e1\u0161 Bucha, R\u00f3bert Sedm\u00e1k, Ji\u0159\u00ed Trombik<\/span> <span class=\"wpmyear\">(2017)<\/span> <span class=\"wpmtitle\">Sustainable forest management in a mountain region in the Central Western Carpathians, northeastern Slovakia: the role of climate change<\/span>, <span class=\"wpmoutlet\">Regional Environmental Change<\/span> <span class=\"wpmvolume\">17<\/span><span class=\"wpmissue\">(1)<\/span>, <span class=\"wpmpages\">p. 65-77<\/span>, <span class=\"wpmurl\"><a target=\"_blank\" href=\"https:\/\/doi.org\/10.1007\/s10113-015-0894-y\"><span class=\"wpmurldoi:10.1007\/s10113-015-0894-y\">doi:10.1007\/s10113-015-0894-y<\/span><\/a><\/span><br clear='all'\/><\/p>\n<p class=\"wpmref\"><span class=\"wpmauthors\">Tommaso Sitzia, Thomas Campagnaro, Matteo Dainese, Michele Cassol, Marialuisa Dal Cortivo, Enzo Gatti, Fabio Padovan, Monica Sommacal, Juri Nascimbene<\/span> <span class=\"wpmyear\">(2017)<\/span> <span class=\"wpmtitle\">Contrasting multi-taxa diversity patterns between abandoned and non-intensively managed forests in the southern dolomites<\/span>, <span class=\"wpmoutlet\">IForest<\/span> <span class=\"wpmvolume\">10<\/span><span class=\"wpmissue\">(5)<\/span>, <span class=\"wpmpages\">p. 845-850<\/span>, <span class=\"wpmurl\"><a target=\"_blank\" href=\"https:\/\/doi.org\/10.3832\/ifor2181-010\"><span class=\"wpmurldoi:10.3832\/ifor2181-010\">doi:10.3832\/ifor2181-010<\/span><\/a><\/span><br clear='all'\/><\/p>\n<p class=\"wpmref\"><span class=\"wpmauthors\">Matthias Schr\u00f6ter, Roland Kraemer, Silvia Ceau\u015fu, Graciela M. Rusch<\/span> <span class=\"wpmyear\">(2017)<\/span> <span class=\"wpmtitle\">Incorporating threat in hotspots and coldspots of biodiversity and ecosystem services<\/span>, <span class=\"wpmoutlet\">Ambio<\/span> <span class=\"wpmvolume\">46<\/span><span class=\"wpmissue\">(7)<\/span>, <span class=\"wpmpages\">p. 756-768<\/span>, <span class=\"wpmurl\"><a target=\"_blank\" href=\"https:\/\/doi.org\/10.1007\/s13280-017-0922-x\"><span class=\"wpmurldoi:10.1007\/s13280-017-0922-x\">doi:10.1007\/s13280-017-0922-x<\/span><\/a><\/span><br clear='all'\/><\/p>\n<p class=\"wpmref\"><span class=\"wpmauthors\">Daniel Dvo\u0159\u00e1k, Martina Va\u0161utov\u00e1, Je\u0148\u00fdk Hofmeister, Miroslav Beran, Jan Ho\u0161ek, Jan B\u011b\u0165\u00e1k, Ji\u0159\u00ed Burel, Helena Deckerov\u00e1<\/span> <span class=\"wpmyear\">(2017)<\/span> <span class=\"wpmtitle\">Macrofungal diversity patterns in central European forests affirm the key importance of old-growth forests<\/span>, <span class=\"wpmoutlet\">Fungal Ecology<\/span> <span class=\"wpmvolume\">27<\/span>, <span class=\"wpmpages\">p. 145-154<\/span>, <span class=\"wpmurl\"><a target=\"_blank\" href=\"https:\/\/doi.org\/10.1016\/j.funeco.2016.12.003\"><span class=\"wpmurldoi:10.1016\/j.funeco.2016.12.003\">doi:10.1016\/j.funeco.2016.12.003<\/span><\/a><\/span><br clear='all'\/><\/p>\n<p class=\"wpmref\"><span class=\"wpmauthors\">Friedrich J. Bohn, Andreas Huth<\/span> <span class=\"wpmyear\">(2017)<\/span> <span class=\"wpmtitle\">The importance of forest structure to biodiversity-productivity relationships<\/span>, <span class=\"wpmoutlet\">Royal Society Open Science<\/span> <span class=\"wpmvolume\">4<\/span><span class=\"wpmissue\">(1)<\/span>, <span class=\"wpmurl\"><a target=\"_blank\" href=\"https:\/\/doi.org\/10.1098\/rsos.160521\"><span class=\"wpmurldoi:10.1098\/rsos.160521\">doi:10.1098\/rsos.160521<\/span><\/a><\/span><br clear='all'\/><\/p>\n<p class=\"wpmref\"><span class=\"wpmauthors\">Jochen Dieler, Enno Uhl, Peter Biber, J\u00f6rg M\u00fcller, Thomas R\u00f6tzer, Hans Pretzsch<\/span> <span class=\"wpmyear\">(2017)<\/span> <span class=\"wpmtitle\">Effect of forest stand management on species composition, structural diversity, and productivity in the temperate zone of Europe<\/span>, <span class=\"wpmoutlet\">European Journal of Forest Research<\/span> <span class=\"wpmvolume\">136<\/span><span class=\"wpmissue\">(4)<\/span>, <span class=\"wpmpages\">p. 739-766<\/span>, <span class=\"wpmurl\"><a target=\"_blank\" href=\"https:\/\/doi.org\/10.1007\/s10342-017-1056-1\"><span class=\"wpmurldoi:10.1007\/s10342-017-1056-1\">doi:10.1007\/s10342-017-1056-1<\/span><\/a><\/span><br clear='all'\/><\/p>\n<p class=\"wpmref\"><span class=\"wpmauthors\">Du\u0161an Adam, Libor Hort, David Jan\u00edk, Kamil Kr\u00e1l, Pavel \u0160amonil, Pavel Unar, Tom\u00e1\u0161 Vr\u0161ka<\/span> <span class=\"wpmyear\">(2017)<\/span> <span class=\"wpmtitle\">Metodika stanoven\u00ed p\u0159irozenosti les\u016f v \u010cR<\/span>, <span class=\"wpmpages\">p. 32<\/span>, <span class=\"wpmpublisher\">Brno: V\u00fdzkumn\u00fd \u00fastav Silva Taroucy pro krajinu a okrasn\u00e9 zahradnictv\u00ed, v.v.i.<\/span><br clear='all'\/><\/p>\n<p class=\"wpmref\"><span class=\"wpmauthors\">Hans Pretzsch, David I Forrester<\/span> <span class=\"wpmyear\">(2017)<\/span> <span class=\"wpmtitle\">Mixed-Species Forests<\/span>, <span class=\"wpmoutlet\">Mixed-Species Forests<\/span>, <span class=\"wpmpages\">p. 606<\/span>, <span class=\"wpmurl\"><a target=\"_blank\" href=\"https:\/\/doi.org\/10.1007\/978-3-662-54553-9\"><span class=\"wpmurldoi:10.1007\/978-3-662-54553-9\">doi:10.1007\/978-3-662-54553-9<\/span><\/a><\/span><br clear='all'\/><\/p>\n<p class=\"wpmref\"><span class=\"wpmauthors\">Laurent Larrieu, Alain Cabanettes, Nicolas Gouix, Laurent Burnel, Christophe Bouget, Marc Deconchat<\/span> <span class=\"wpmyear\">(2017)<\/span> <span class=\"wpmtitle\">Development over time of the tree-related microhabitat profile: the case of lowland beech\u2013oak coppice-with-standards set-aside stands in France<\/span>, <span class=\"wpmoutlet\">European Journal of Forest Research<\/span> <span class=\"wpmvolume\">136<\/span><span class=\"wpmissue\">(1)<\/span>, <span class=\"wpmpages\">p. 37-49<\/span>, <span class=\"wpmpublisher\">Springer Berlin Heidelberg<\/span>, <span class=\"wpmurl\"><a target=\"_blank\" href=\"https:\/\/doi.org\/10.1007\/s10342-016-1006-3\"><span class=\"wpmurldoi:10.1007\/s10342-016-1006-3\">doi:10.1007\/s10342-016-1006-3<\/span><\/a><\/span><br clear='all'\/><\/p>\n<p class=\"wpmref\"><span class=\"wpmauthors\">Alexandre Camargo Martensen, Santiago Saura, Marie Josee Fortin<\/span> <span class=\"wpmyear\">(2017)<\/span> <span class=\"wpmtitle\">Spatio-temporal connectivity: assessing the amount of reachable habitat in dynamic landscapes<\/span>, <span class=\"wpmoutlet\">Methods in Ecology and Evolution<\/span> <span class=\"wpmvolume\">8<\/span><span class=\"wpmissue\">(10)<\/span>, <span class=\"wpmpages\">p. 1253-1264<\/span>, <span class=\"wpmurl\"><a target=\"_blank\" href=\"https:\/\/doi.org\/10.1111\/2041-210X.12799\"><span class=\"wpmurldoi:10.1111\/2041-210X.12799\">doi:10.1111\/2041-210X.12799<\/span><\/a><\/span><br clear='all'\/><\/p>\n<p class=\"wpmref\"><span class=\"wpmauthors\">Tom\u00e1\u0161 Kuras, Bo\u0159ivoj \u0160arapatka, Monika Mazalov\u00e1, Ivan H Tuf, Marek Bedn\u00e1\u0159<\/span> <span class=\"wpmyear\">(2017)<\/span> <span class=\"wpmtitle\">Krajinn\u00e1 struktura. Kl\u00ed\u010d k ochran\u011b biologick\u00e9 rozmanitosti, p\u016fdy a vody<\/span>, <span class=\"wpmoutlet\">Ochrana p\u0159\u00edrody<\/span><span class=\"wpmissue\">(6)<\/span>, <span class=\"wpmpages\">p. 18-23<\/span>, <span class=\"wpmurl\"><a target=\"_blank\" href=\"http:\/\/www.casopis.ochranaprirody.cz\/vyzkum-a-dokumentace\/krajinna-struktura-cast-i-ochrana-biodiverzity\/\"><span class=\"wpmurlurl\">url<\/span><\/a><\/span><br clear='all'\/><\/p>\n<p class=\"wpmref\"><span class=\"wpmauthors\">Mar\u00eda Trivi\u00f1o, T\u00e4hti Pohjanmies, Adriano Mazziotta, Artti Juutinen, Dmitry Podkopaev, Eric Le Tortorec, Mikko M\u00f6nkk\u00f6nen<\/span> <span class=\"wpmyear\">(2017)<\/span> <span class=\"wpmtitle\">Optimizing management to enhance multifunctionality in a boreal forest landscape<\/span>, <span class=\"wpmoutlet\">Journal of Applied Ecology<\/span> <span class=\"wpmvolume\">54<\/span><span class=\"wpmissue\">(1)<\/span>, <span class=\"wpmpages\">p. 61-70<\/span>, <span class=\"wpmurl\"><a target=\"_blank\" href=\"https:\/\/doi.org\/10.1111\/1365-2664.12790\"><span class=\"wpmurldoi:10.1111\/1365-2664.12790\">doi:10.1111\/1365-2664.12790<\/span><\/a><\/span><br clear='all'\/><\/p>\n<p class=\"wpmref\"><span class=\"wpmauthors\">Miren del R\u00edo, Hans Pretzsch, Iciar Alberdi, Kamil Bielak, Felipe Bravo, Andreas Brunner, Sonia Cond\u00e9s, Mark J. Ducey, Teresa Fonseca, Nikolas von L\u00fcpke, Maciej Pach, Sanja Peric, Thomas Perot, Zahera Souidi, Peter Spathelf, Hubert Sterba, Martina Tijardovic, Margarida Tom\u00e9, Patrick Vallet, Andr\u00e9s Bravo-Oviedo<\/span> <span class=\"wpmyear\">(2016)<\/span> <span class=\"wpmtitle\">Characterization of the structure, dynamics, and productivity of mixed-species stands: review and perspectives<\/span>, <span class=\"wpmoutlet\">European Journal of Forest Research<\/span> <span class=\"wpmvolume\">135<\/span><span class=\"wpmissue\">(1)<\/span>, <span class=\"wpmpages\">p. 23-49<\/span>, <span class=\"wpmurl\"><a target=\"_blank\" href=\"https:\/\/doi.org\/10.1007\/s10342-015-0927-6\"><span class=\"wpmurldoi:10.1007\/s10342-015-0927-6\">doi:10.1007\/s10342-015-0927-6<\/span><\/a><\/span><br clear='all'\/><\/p>\n<p class=\"wpmref\"><span class=\"wpmauthors\">O. \u0160vec, L. B\u00edlek, J. Reme\u0161, Z. Vacek<\/span> <span class=\"wpmyear\">(2016)<\/span> <span class=\"wpmtitle\">Analysis of operational approach during forest transformation in Kloko\u010dn\u00e1 Range, Central Bohemia<\/span>, <span class=\"wpmoutlet\">Journal of Forest Science<\/span> <span class=\"wpmvolume\">61<\/span><span class=\"wpmissue\">(No. 4)<\/span>, <span class=\"wpmpages\">p. 148-155<\/span>, <span class=\"wpmurl\"><a target=\"_blank\" href=\"http:\/\/www.agriculturejournals.cz\/web\/jfs.htm?volume=61&firstPage=148&type=publishedArticle\"><span class=\"wpmurlurl\">url<\/span><\/a><\/span>, <span class=\"wpmurl\"><a target=\"_blank\" href=\"https:\/\/doi.org\/10.17221\/102\/2014-JFS\"><span class=\"wpmurldoi:10.17221\/102\/2014-JFS\">doi:10.17221\/102\/2014-JFS<\/span><\/a><\/span><br clear='all'\/><\/p>\n<p class=\"wpmref\"><span class=\"wpmauthors\">F. M. Sabatini, S. Burrascano, M. M. Azzella, A. Barbati, S. De Paulis, D. Di Santo, L. Facioni, D. Giuliarelli, F. Lombardi, O. Maggi, W. Mattioli, F. Parisi, A. Persiani, S. Ravera, C. Blasi<\/span> <span class=\"wpmyear\">(2016)<\/span> <span class=\"wpmtitle\">One taxon does not fit all: Herb-layer diversity and stand structural complexity are weak predictors of biodiversity in Fagus sylvatica forests<\/span>, <span class=\"wpmoutlet\">Ecological Indicators<\/span> <span class=\"wpmvolume\">69<\/span>, <span class=\"wpmpages\">p. 126-137<\/span>, <span class=\"wpmpublisher\">Elsevier Ltd<\/span>, <span class=\"wpmurl\"><a target=\"_blank\" href=\"http:\/\/dx.doi.org\/10.1016\/j.ecolind.2016.04.012\"><span class=\"wpmurlurl\">url<\/span><\/a><\/span>, <span class=\"wpmurl\"><a target=\"_blank\" href=\"https:\/\/doi.org\/10.1016\/j.ecolind.2016.04.012\"><span class=\"wpmurldoi:10.1016\/j.ecolind.2016.04.012\">doi:10.1016\/j.ecolind.2016.04.012<\/span><\/a><\/span><br clear='all'\/><\/p>\n<p class=\"wpmref\"><span class=\"wpmauthors\">T. Standov\u00e1r, F. Szmorad, B. Kov\u00e1cs, K. Kelemen, M. Plattner, T. Roth, Zs Pataki<\/span> <span class=\"wpmyear\">(2016)<\/span> <span class=\"wpmtitle\">A novel forest state assessment methodology to support conservation and forest management planning<\/span>, <span class=\"wpmoutlet\">Community Ecology<\/span> <span class=\"wpmvolume\">17<\/span><span class=\"wpmissue\">(2)<\/span>, <span class=\"wpmpages\">p. 167-177<\/span>, <span class=\"wpmurl\"><a target=\"_blank\" href=\"https:\/\/doi.org\/10.1556\/168.2016.17.2.5\"><span class=\"wpmurldoi:10.1556\/168.2016.17.2.5\">doi:10.1556\/168.2016.17.2.5<\/span><\/a><\/span><br clear='all'\/><\/p>\n<p class=\"wpmref\"><span class=\"wpmauthors\">Paola Mairota, Peter Buckley, Christian Suchomel, Katrin Heinsoo, Kris Verheyen, Radim H\u00e9dl, Pier Giorgio Terzuolo, Roberto Sindaco, Anna Carpanelli<\/span> <span class=\"wpmyear\">(2016)<\/span> <span class=\"wpmtitle\">Integrating conservation objectives into forest management: Coppice management and forest habitats in Natura 2000 sites<\/span>, <span class=\"wpmoutlet\">IForest<\/span> <span class=\"wpmvolume\">9<\/span><span class=\"wpmissue\">(4)<\/span>, <span class=\"wpmpages\">p. 560-568<\/span>, <span class=\"wpmurl\"><a target=\"_blank\" href=\"https:\/\/doi.org\/10.3832\/ifor1867-009\"><span class=\"wpmurldoi:10.3832\/ifor1867-009\">doi:10.3832\/ifor1867-009<\/span><\/a><\/span><br clear='all'\/><\/p>\n<p class=\"wpmref\"><span class=\"wpmauthors\">E. D. Schulze, G. Aas, G. W. Grimm, M. M. Gossner, H. Walentowski, C. Ammer, I. K\u00fchn, O. Bouriaud, K. von Gadow<\/span> <span class=\"wpmyear\">(2016)<\/span> <span class=\"wpmtitle\">A review on plant diversity and forest management of European beech forests<\/span>, <span class=\"wpmoutlet\">European Journal of Forest Research<\/span> <span class=\"wpmvolume\">135<\/span><span class=\"wpmissue\">(1)<\/span>, <span class=\"wpmpages\">p. 51-67<\/span>, <span class=\"wpmurl\"><a target=\"_blank\" href=\"https:\/\/doi.org\/10.1007\/s10342-015-0922-y\"><span class=\"wpmurldoi:10.1007\/s10342-015-0922-y\">doi:10.1007\/s10342-015-0922-y<\/span><\/a><\/span><br clear='all'\/><\/p>\n<p class=\"wpmref\"><span class=\"wpmauthors\">Abhishek Chaudhary, Zuzana Burivalova, Lian Pin Koh, Stefanie Hellweg<\/span> <span class=\"wpmyear\">(2016)<\/span> <span class=\"wpmtitle\">Impact of Forest Management on Species Richness: Global Meta-Analysis and Economic Trade-Offs<\/span>, <span class=\"wpmoutlet\">Scientific Reports<\/span> <span class=\"wpmvolume\">6<\/span>, <span class=\"wpmpages\">p. 1-10<\/span>, <span class=\"wpmpublisher\">Nature Publishing Group<\/span>, <span class=\"wpmurl\"><a target=\"_blank\" href=\"https:\/\/doi.org\/10.1038\/srep23954\"><span class=\"wpmurldoi:10.1038\/srep23954\">doi:10.1038\/srep23954<\/span><\/a><\/span><br clear='all'\/><\/p>\n<p class=\"wpmref\"><span class=\"wpmauthors\">Achim Zeileis, Christian Kleiber<\/span> <span class=\"wpmyear\">(2015)<\/span> <span class=\"wpmtitle\">Measuring Inequality, Concentration, and Poverty<\/span>, <span class=\"wpmpages\">p. 15<\/span>, <span class=\"wpmpublisher\">Version 0.2-13. Repository CRAN<\/span><br clear='all'\/><\/p>\n<p class=\"wpmref\"><span class=\"wpmauthors\"> R_Core_Team<\/span> <span class=\"wpmyear\">(2015)<\/span> <span class=\"wpmtitle\">R: A Language and Environment for Statistical Computing<\/span>, <span class=\"wpmurl\"><a target=\"_blank\" href=\"http:\/\/www.r-project.org\"><span class=\"wpmurlurl\">url<\/span><\/a><\/span><br clear='all'\/><\/p>\n<p class=\"wpmref\"><span class=\"wpmauthors\">Luca Cistrone, Tiziana Altea, Giorgio Matteucci, Mario Posillico, Bruno de Cinti, Danilo Russo<\/span> <span class=\"wpmyear\">(2015)<\/span> <span class=\"wpmtitle\">The effect of thinning on bat activity in italian high forests: The LIFE+ \u201cManFor C.BD.\u201d experience<\/span>, <span class=\"wpmoutlet\">Hystrix<\/span> <span class=\"wpmvolume\">26<\/span><span class=\"wpmissue\">(2)<\/span>, <span class=\"wpmpages\">p. 125-131<\/span>, <span class=\"wpmurl\"><a target=\"_blank\" href=\"https:\/\/doi.org\/10.4404\/hystrix-26.2-11477\"><span class=\"wpmurldoi:10.4404\/hystrix-26.2-11477\">doi:10.4404\/hystrix-26.2-11477<\/span><\/a><\/span><br clear='all'\/><\/p>\n<p class=\"wpmref\"><span class=\"wpmauthors\">Martina L. Hobi, Brigitte Commarmot, Harald Bugmann<\/span> <span class=\"wpmyear\">(2015)<\/span> <span class=\"wpmtitle\">Pattern and process in the largest primeval beech forest of Europe (Ukrainian Carpathians)<\/span>, <span class=\"wpmoutlet\">Journal of Vegetation Science<\/span> <span class=\"wpmvolume\">26<\/span><span class=\"wpmissue\">(2)<\/span>, <span class=\"wpmpages\">p. 323-336<\/span>, <span class=\"wpmurl\"><a target=\"_blank\" href=\"https:\/\/doi.org\/10.1111\/jvs.12234\"><span class=\"wpmurldoi:10.1111\/jvs.12234\">doi:10.1111\/jvs.12234<\/span><\/a><\/span><br clear='all'\/><\/p>\n<p class=\"wpmref\"><span class=\"wpmauthors\">Peter Biber, Jos\u00e9 G. Borges, Ralf Moshammer, Susana Barreiro, Brigite Botequim, Yvonne Brodrechtov\u00e1, Vilis Brukas, Gherardo Chirici, Rebeca Cordero-Debets, Edwin Corrigan, Ljusk Ola Eriksson, Matteo Favero, Emil Galev, Jordi Garcia-Gonzalo, Geerten Hengeveld, Marius Kavaliauskas, Marco Marchetti, Susete Marques, Gintautas Mozgeris, Rudolf Navr\u00e1til, Maarten Nieuwenhuis, Christophe Orazio, Ivan Paligorov, Davide Pettenella, R\u00f3bert Sedm\u00e1k, R\u00f3bert Smre\u010dek, Andrius Stanislovaitis, Margarida Tom\u00e9, Renats Trubins, J\u00e1n Tu\u010dek, Matteo Vizzarri, Ida Wallin, Hans Pretzsch, Ola Salln\u00e4s<\/span> <span class=\"wpmyear\">(2015)<\/span> <span class=\"wpmtitle\">How sensitive are ecosystem services in European forest landscapes to silvicultural treatment?<\/span>, <span class=\"wpmoutlet\">Forests<\/span> <span class=\"wpmvolume\">6<\/span><span class=\"wpmissue\">(5)<\/span>, <span class=\"wpmpages\">p. 1666-1695<\/span>, <span class=\"wpmurl\"><a target=\"_blank\" href=\"https:\/\/doi.org\/10.3390\/f6051666\"><span class=\"wpmurldoi:10.3390\/f6051666\">doi:10.3390\/f6051666<\/span><\/a><\/span><br clear='all'\/><\/p>\n<p class=\"wpmref\"><span class=\"wpmauthors\">Annika Kangas, Jussi Rasinm\u00e4ki, Kyle Eyvindson, Philip Chambers<\/span> <span class=\"wpmyear\">(2015)<\/span> <span class=\"wpmtitle\">A Mobile Phone Application for the Collection of Opinion Data for Forest Planning Purposes<\/span>, <span class=\"wpmoutlet\">Environmental Management<\/span> <span class=\"wpmvolume\">55<\/span><span class=\"wpmissue\">(4)<\/span>, <span class=\"wpmpages\">p. 961-971<\/span>, <span class=\"wpmurl\"><a target=\"_blank\" href=\"https:\/\/doi.org\/10.1007\/s00267-014-0438-0\"><span class=\"wpmurldoi:10.1007\/s00267-014-0438-0\">doi:10.1007\/s00267-014-0438-0<\/span><\/a><\/span><br clear='all'\/><\/p>\n<p class=\"wpmref\"><span class=\"wpmauthors\">Pavel Sebek, Radek Bace, Michael Bartos, Jiri Benes, Zuzana Chlumska, Jiri Dolezal, Miroslav Dvorsky, Jakub Kovar, Ondrej Machac, Blanka Mikatova, Michal Perlik, Michal Platek, Simona Polakova, Martin Skorpik, Robert Stejskal, Miroslav Svoboda, Filip Trnka, Mojmir Vlasin, Michal Zapletal, Lukas Cizek<\/span> <span class=\"wpmyear\">(2015)<\/span> <span class=\"wpmtitle\">Does a minimal intervention approach threaten the biodiversity of protected areas? A multi-taxa short-term response to intervention in temperate oak-dominated forests<\/span>, <span class=\"wpmoutlet\">Forest Ecology and Management<\/span> <span class=\"wpmvolume\">358<\/span>, <span class=\"wpmpages\">p. 80-89<\/span>, <span class=\"wpmpublisher\">Elsevier B.V.<\/span>, <span class=\"wpmurl\"><a target=\"_blank\" href=\"http:\/\/dx.doi.org\/10.1016\/j.foreco.2015.09.008\"><span class=\"wpmurlurl\">url<\/span><\/a><\/span>, <span class=\"wpmurl\"><a target=\"_blank\" href=\"https:\/\/doi.org\/10.1016\/j.foreco.2015.09.008\"><span class=\"wpmurldoi:10.1016\/j.foreco.2015.09.008\">doi:10.1016\/j.foreco.2015.09.008<\/span><\/a><\/span><br clear='all'\/><\/p>\n<p class=\"wpmref\"><span class=\"wpmauthors\">Abhishek Chaudhary, Francesca Verones, Laura De Baan, Stefanie Hellweg<\/span> <span class=\"wpmyear\">(2015)<\/span> <span class=\"wpmtitle\">Quantifying Land Use Impacts on Biodiversity: Combining Species-Area Models and Vulnerability Indicators<\/span>, <span class=\"wpmoutlet\">Environmental Science and Technology<\/span> <span class=\"wpmvolume\">49<\/span><span class=\"wpmissue\">(16)<\/span>, <span class=\"wpmpages\">p. 9987-9995<\/span>, <span class=\"wpmurl\"><a target=\"_blank\" href=\"https:\/\/doi.org\/10.1021\/acs.est.5b02507\"><span class=\"wpmurldoi:10.1021\/acs.est.5b02507\">doi:10.1021\/acs.est.5b02507<\/span><\/a><\/span><br clear='all'\/><\/p>\n<p class=\"wpmref\"><span class=\"wpmauthors\">G Hui, A Pommerening<\/span> <span class=\"wpmyear\">(2014)<\/span> <span class=\"wpmtitle\">Analysing tree species and size diversity patterns in multi-species uneven-aged forests of Northern China<\/span>, <span class=\"wpmoutlet\">Forest Ecology and Management<\/span> <span class=\"wpmvolume\">316<\/span>, <span class=\"wpmpages\">p. 125-138<\/span>, <span class=\"wpmurl\"><a target=\"_blank\" href=\"http:\/\/linkinghub.elsevier.com\/retrieve\/pii\/S0378112713004714\"><span class=\"wpmurlurl\">url<\/span><\/a><\/span>, <span class=\"wpmurl\"><a target=\"_blank\" href=\"https:\/\/doi.org\/10.1016\/j.foreco.2013.07.029\"><span class=\"wpmurldoi:10.1016\/j.foreco.2013.07.029\">doi:10.1016\/j.foreco.2013.07.029<\/span><\/a><\/span><br clear='all'\/><\/p>\n<p class=\"wpmref\"><span class=\"wpmauthors\">\u017d. Chivulescu, O. Badea, R. Tomescu, D. Silaghi, \u0160. Leca, Daniel-Ond Turcu<\/span> <span class=\"wpmyear\">(2014)<\/span> <span class=\"wpmtitle\">Structural features of virgin beech forests in semenic mountains. The dynamic structure of virgin beech forest P20 Semenic between 2005-2013<\/span>, <span class=\"wpmoutlet\">The Publishing House of Romanian Academy<\/span> <span class=\"wpmvolume\">16<\/span><span class=\"wpmissue\">(2)<\/span>, <span class=\"wpmpages\">p. 115-124<\/span><br clear='all'\/><\/p>\n<p class=\"wpmref\"><span class=\"wpmauthors\">Tiemo Kahl, J\u00fcrgen Bauhus<\/span> <span class=\"wpmyear\">(2014)<\/span> <span class=\"wpmtitle\">An index of forest management intensity based on assessment of harvested tree volume, tree species composition and dead wood origin<\/span>, <span class=\"wpmoutlet\">Nature Conservation<\/span> <span class=\"wpmvolume\">7<\/span>, <span class=\"wpmpages\">p. 15-27<\/span>, <span class=\"wpmurl\"><a target=\"_blank\" href=\"http:\/\/natureconservation.pensoft.net\/articles.php?id=1354\"><span class=\"wpmurlurl\">url<\/span><\/a><\/span>, <span class=\"wpmurl\"><a target=\"_blank\" href=\"https:\/\/doi.org\/10.3897\/natureconservation.7.7281\"><span class=\"wpmurldoi:10.3897\/natureconservation.7.7281\">doi:10.3897\/natureconservation.7.7281<\/span><\/a><\/span><br clear='all'\/><\/p>\n<p class=\"wpmref\"><span class=\"wpmauthors\">E. D. Schulze, L. Bouriaud, H. Bussler, M. Gossner, H. Walentowski, D. Hessenm\u00f6ller, O. Bouriaud, K. v. Gadow<\/span> <span class=\"wpmyear\">(2014)<\/span> <span class=\"wpmtitle\">Opinion paper: Forest management and biodiversity<\/span>, <span class=\"wpmoutlet\">Web Ecology<\/span> <span class=\"wpmvolume\">14<\/span><span class=\"wpmissue\">(1)<\/span>, <span class=\"wpmpages\">p. 3-10<\/span>, <span class=\"wpmurl\"><a target=\"_blank\" href=\"https:\/\/doi.org\/10.5194\/we-14-3-2014\"><span class=\"wpmurldoi:10.5194\/we-14-3-2014\">doi:10.5194\/we-14-3-2014<\/span><\/a><\/span><br clear='all'\/><\/p>\n<p class=\"wpmref\"><span class=\"wpmauthors\">Martin M. Gossner, Peter Schall, Christian Ammer, Ulrich Ammer, Kerstin Engel, Holger Schubert, Ulrich Simon, Hans Utschick, Wolfgang W. Weisser<\/span> <span class=\"wpmyear\">(2014)<\/span> <span class=\"wpmtitle\">Forest management intensity measures as alternative to stand properties for quantifying effects on biodiversity<\/span>, <span class=\"wpmoutlet\">Ecosphere<\/span> <span class=\"wpmvolume\">5<\/span><span class=\"wpmissue\">(9)<\/span>, <span class=\"wpmpages\">p. 1-111<\/span>, <span class=\"wpmurl\"><a target=\"_blank\" href=\"https:\/\/doi.org\/10.1890\/ES14-00177.1\"><span class=\"wpmurldoi:10.1890\/ES14-00177.1\">doi:10.1890\/ES14-00177.1<\/span><\/a><\/span><br clear='all'\/><\/p>\n<p class=\"wpmref\"><span class=\"wpmauthors\">Juri Nascimbene, Veronika Fontana, Daniel Spitale<\/span> <span class=\"wpmyear\">(2014)<\/span> <span class=\"wpmtitle\">A multi-taxon approach reveals the effect of management intensity on biodiversity in Alpine larch grasslands<\/span>, <span class=\"wpmoutlet\">Science of the Total Environment<\/span> <span class=\"wpmvolume\">487<\/span><span class=\"wpmissue\">(1)<\/span>, <span class=\"wpmpages\">p. 110-116<\/span>, <span class=\"wpmpublisher\">Elsevier B.V.<\/span>, <span class=\"wpmurl\"><a target=\"_blank\" href=\"http:\/\/dx.doi.org\/10.1016\/j.scitotenv.2014.04.013\"><span class=\"wpmurlurl\">url<\/span><\/a><\/span>, <span class=\"wpmurl\"><a target=\"_blank\" href=\"https:\/\/doi.org\/10.1016\/j.scitotenv.2014.04.013\"><span class=\"wpmurldoi:10.1016\/j.scitotenv.2014.04.013\">doi:10.1016\/j.scitotenv.2014.04.013<\/span><\/a><\/span><br clear='all'\/><\/p>\n<p class=\"wpmref\"><span class=\"wpmauthors\">Tian Gao, Marcus Hedblom, Tobias Emilsson, Anders Busse Nielsen<\/span> <span class=\"wpmyear\">(2014)<\/span> <span class=\"wpmtitle\">The role of forest stand structure as biodiversity indicator<\/span>, <span class=\"wpmoutlet\">Forest Ecology and Management<\/span> <span class=\"wpmvolume\">330<\/span>, <span class=\"wpmpages\">p. 82-93<\/span>, <span class=\"wpmpublisher\">Elsevier B.V.<\/span>, <span class=\"wpmurl\"><a target=\"_blank\" href=\"http:\/\/dx.doi.org\/10.1016\/j.foreco.2014.07.007\"><span class=\"wpmurlurl\">url<\/span><\/a><\/span>, <span class=\"wpmurl\"><a target=\"_blank\" href=\"https:\/\/doi.org\/10.1016\/j.foreco.2014.07.007\"><span class=\"wpmurldoi:10.1016\/j.foreco.2014.07.007\">doi:10.1016\/j.foreco.2014.07.007<\/span><\/a><\/span><br clear='all'\/><\/p>\n<p class=\"wpmref\"><span class=\"wpmauthors\">Martin Du\u0161\u00e1tko<\/span> <span class=\"wpmyear\">(2014)<\/span> <span class=\"wpmtitle\">Vliv lesn\u00edho managementu na biodiverzitu lesa<\/span>, <span class=\"wpmpages\">p. 35<\/span><br clear='all'\/><\/p>\n<p class=\"wpmref\"><span class=\"wpmauthors\">L B\u00edlek, J Reme\u0161, O \u0160vec, D Zahradn\u00edk<\/span> <span class=\"wpmyear\">(2013)<\/span> <span class=\"wpmtitle\">On the way to continuous cover forest at middle elevations \u2013 the question of forest structure and specific site characteristics<\/span>, <span class=\"wpmoutlet\">Journal of Forest Science<\/span> <span class=\"wpmvolume\">59<\/span><span class=\"wpmissue\">(10)<\/span>, <span class=\"wpmpages\">p. 391-397<\/span><br clear='all'\/><\/p>\n<p class=\"wpmref\"><span class=\"wpmauthors\">Daniel Kraus, Frank Krumm<\/span> <span class=\"wpmyear\">(2013)<\/span> <span class=\"wpmtitle\">Integrative approaches as an opportunity for the conservation of forest biodiversity<\/span>, <span class=\"wpmeditors\">Daniel Kraus, Frank Krumm (ed.)<\/span>, <span class=\"wpmpages\">p. 284<\/span>, <span class=\"wpmpublisher\">European Forest Institute<\/span><br clear='all'\/><\/p>\n<p class=\"wpmref\"><span class=\"wpmauthors\">Hans Pretzsch, Kamil Bielak, Joachim Block, Arkadiusz Bruchwald, Jochen Dieler, Hans Peter Ehrhart, Ulrich Kohnle, J\u00fcrgen Nagel, Hermann Spellmann, Micha\u0142 Zasada, Andreas Zingg<\/span> <span class=\"wpmyear\">(2013)<\/span> <span class=\"wpmtitle\">Productivity of mixed versus pure stands of oak (Quercus petraea (Matt.) Liebl. and Quercus robur L.) and European beech (Fagus sylvatica L.) along an ecological gradient<\/span>, <span class=\"wpmoutlet\">European Journal of Forest Research<\/span> <span class=\"wpmvolume\">132<\/span><span class=\"wpmissue\">(2)<\/span>, <span class=\"wpmpages\">p. 263-280<\/span>, <span class=\"wpmurl\"><a target=\"_blank\" href=\"https:\/\/doi.org\/10.1007\/s10342-012-0673-y\"><span class=\"wpmurldoi:10.1007\/s10342-012-0673-y\">doi:10.1007\/s10342-012-0673-y<\/span><\/a><\/span><br clear='all'\/><\/p>\n<p class=\"wpmref\"><span class=\"wpmauthors\">Laura Katholnig<\/span> <span class=\"wpmyear\">(2012)<\/span> <span class=\"wpmtitle\">Growth Dominance and Gini-Index in even-aged and in uneven-aged forests<\/span><span class=\"wpmissue\">(September)<\/span>, <span class=\"wpmpages\">p. 51<\/span><br clear='all'\/><\/p>\n<p class=\"wpmref\"><span class=\"wpmauthors\">Rub\u00e9n Valbuena, Petteri Packal\u00e9n, Susana Mart\u0131\u00edn-Fern\u00e1ndez, Matti Maltamo<\/span> <span class=\"wpmyear\">(2012)<\/span> <span class=\"wpmtitle\">Diversity and equitability ordering profiles applied to study forest structure<\/span>, <span class=\"wpmoutlet\">Forest Ecology and Management<\/span> <span class=\"wpmvolume\">276<\/span>, <span class=\"wpmpages\">p. 185-195<\/span>, <span class=\"wpmurl\"><a target=\"_blank\" href=\"http:\/\/linkinghub.elsevier.com\/retrieve\/pii\/S0378112712002034\"><span class=\"wpmurlurl\">url<\/span><\/a><\/span>, <span class=\"wpmurl\"><a target=\"_blank\" href=\"https:\/\/doi.org\/10.1016\/j.foreco.2012.03.036\"><span class=\"wpmurldoi:10.1016\/j.foreco.2012.03.036\">doi:10.1016\/j.foreco.2012.03.036<\/span><\/a><\/span><br clear='all'\/><\/p>\n<p class=\"wpmref\"><span class=\"wpmauthors\">M. Balanda<\/span> <span class=\"wpmyear\">(2012)<\/span> <span class=\"wpmtitle\">Spatio-temporal structure of natural forest: A structural index approach<\/span>, <span class=\"wpmoutlet\">Beskydy<\/span> <span class=\"wpmvolume\">5<\/span><span class=\"wpmissue\">(2)<\/span>, <span class=\"wpmpages\">p. 163-172<\/span>, <span class=\"wpmurl\"><a target=\"_blank\" href=\"http:\/\/beskydy.mendelu.cz\/5\/2\/0163\/\"><span class=\"wpmurlurl\">url<\/span><\/a><\/span>, <span class=\"wpmurl\"><a target=\"_blank\" href=\"https:\/\/doi.org\/10.11118\/beskyd201205020163\"><span class=\"wpmurldoi:10.11118\/beskyd201205020163\">doi:10.11118\/beskyd201205020163<\/span><\/a><\/span><br clear='all'\/><\/p>\n<p class=\"wpmref\"><span class=\"wpmauthors\">Klaus Gadow, Chun Yu Zhang, Christian Wehenkel, Arne Pommerening, Javier Corral-rivas, Mykola Korol, Stepan Myklush, Gang Ying Hui, Andres Kiviste, Xiu Hai Zhao<\/span> <span class=\"wpmyear\">(2012)<\/span> <span class=\"wpmtitle\">Continuous Cover Forestry<\/span> <span class=\"wpmvolume\">23<\/span>, <span class=\"wpmeditors\">Timo Pukkala, Klaus von Gadow (ed.)<\/span>, <span class=\"wpmpublisher\">Dordrecht: Springer Netherlands<\/span>, <span class=\"wpmurl\"><a target=\"_blank\" href=\"https:\/\/link.springer.com\/10.1007\/978-94-007-2202-6\"><span class=\"wpmurlurl\">url<\/span><\/a><\/span>, <span class=\"wpmurl\"><a target=\"_blank\" href=\"https:\/\/doi.org\/10.1007\/978-94-007-2202-6\"><span class=\"wpmurldoi:10.1007\/978-94-007-2202-6\">doi:10.1007\/978-94-007-2202-6<\/span><\/a><\/span><br clear='all'\/><\/p>\n<p class=\"wpmref\"><span class=\"wpmauthors\">Susanne Winter<\/span> <span class=\"wpmyear\">(2012)<\/span> <span class=\"wpmtitle\">Forest naturalness assessment as a component of biodiversity monitoring and conservation management<\/span>, <span class=\"wpmoutlet\">Forestry<\/span> <span class=\"wpmvolume\">85<\/span><span class=\"wpmissue\">(2)<\/span>, <span class=\"wpmpages\">p. 291-304<\/span>, <span class=\"wpmurl\"><a target=\"_blank\" href=\"https:\/\/doi.org\/10.1093\/forestry\/cps004\"><span class=\"wpmurldoi:10.1093\/forestry\/cps004\">doi:10.1093\/forestry\/cps004<\/span><\/a><\/span><br clear='all'\/><\/p>\n<p class=\"wpmref\"><span class=\"wpmauthors\">T. Kuuluvainen, O. Tahvonen, T. Aakala<\/span> <span class=\"wpmyear\">(2012)<\/span> <span class=\"wpmtitle\">Even-aged and uneven-aged forest management in boreal fennoscandia: A review<\/span>, <span class=\"wpmoutlet\">Ambio<\/span> <span class=\"wpmvolume\">41<\/span><span class=\"wpmissue\">(7)<\/span>, <span class=\"wpmpages\">p. 720-737<\/span><br clear='all'\/><\/p>\n<p class=\"wpmref\"><span class=\"wpmauthors\">Milan Chytr\u00fd<\/span> <span class=\"wpmyear\">(2012)<\/span> <span class=\"wpmtitle\">Vegetation of the czech republic: Diversity, ecology, history and dynamics<\/span>, <span class=\"wpmoutlet\">Preslia<\/span> <span class=\"wpmvolume\">84<\/span><span class=\"wpmissue\">(3)<\/span>, <span class=\"wpmpages\">p. 427-504<\/span><br clear='all'\/><\/p>\n<p class=\"wpmref\"><span class=\"wpmauthors\">Gabriel Duduman<\/span> <span class=\"wpmyear\">(2011)<\/span> <span class=\"wpmtitle\">A forest management planning tool to create highly diverse uneven-aged stands<\/span>, <span class=\"wpmoutlet\">Forestry<\/span> <span class=\"wpmvolume\">84<\/span><span class=\"wpmissue\">(3)<\/span>, <span class=\"wpmpages\">p. 301-314<\/span>, <span class=\"wpmurl\"><a target=\"_blank\" href=\"http:\/\/forestry.oxfordjournals.org\/cgi\/doi\/10.1093\/forestry\/cpr014\"><span class=\"wpmurlurl\">url<\/span><\/a><\/span>, <span class=\"wpmurl\"><a target=\"_blank\" href=\"https:\/\/doi.org\/10.1093\/forestry\/cpr014\"><span class=\"wpmurldoi:10.1093\/forestry\/cpr014\">doi:10.1093\/forestry\/cpr014<\/span><\/a><\/span><br clear='all'\/><\/p>\n<p class=\"wpmref\"><span class=\"wpmauthors\">M. Klopcic, A. Boncina<\/span> <span class=\"wpmyear\">(2011)<\/span> <span class=\"wpmtitle\">Stand dynamics of silver fir (Abies alba Mill.)-European beech (Fagus sylvatica L.) forests during the past century: a decline of silver fir?<\/span>, <span class=\"wpmoutlet\">Forestry<\/span> <span class=\"wpmvolume\">84<\/span><span class=\"wpmissue\">(3)<\/span>, <span class=\"wpmpages\">p. 259-271<\/span>, <span class=\"wpmurl\"><a target=\"_blank\" href=\"http:\/\/forestry.oxfordjournals.org\/cgi\/doi\/10.1093\/forestry\/cpr011\"><span class=\"wpmurlurl\">url<\/span><\/a><\/span>, <span class=\"wpmurl\"><a target=\"_blank\" href=\"https:\/\/doi.org\/10.1093\/forestry\/cpr011\"><span class=\"wpmurldoi:10.1093\/forestry\/cpr011\">doi:10.1093\/forestry\/cpr011<\/span><\/a><\/span><br clear='all'\/><\/p>\n<p class=\"wpmref\"><span class=\"wpmauthors\">A. C. Studeny, S. T. Buckland, J. B. Illian, A. Johnston, A. E. Magurran<\/span> <span class=\"wpmyear\">(2011)<\/span> <span class=\"wpmtitle\">Goodness-of-fit measures of evenness: a new tool for exploring changes in community structure<\/span>, <span class=\"wpmoutlet\">Ecosphere<\/span> <span class=\"wpmvolume\">2<\/span><span class=\"wpmissue\">(2)<\/span>, <span class=\"wpmpages\">p. art15<\/span>, <span class=\"wpmurl\"><a target=\"_blank\" href=\"https:\/\/doi.org\/10.1890\/ES10-00074.1\"><span class=\"wpmurldoi:10.1890\/ES10-00074.1\">doi:10.1890\/ES10-00074.1<\/span><\/a><\/span><br clear='all'\/><\/p>\n<p class=\"wpmref\"><span class=\"wpmauthors\">C.M.a b Gasol, F.c Brun, A.c Mosso, J.a d Rieradevall, X.a d Gabarrell<\/span> <span class=\"wpmyear\">(2010)<\/span> <span class=\"wpmtitle\">Economic assessment and comparison of acacia energy crop with annual traditional crops in Southern Europe<\/span>, <span class=\"wpmoutlet\">Energy Policy<\/span> <span class=\"wpmvolume\">38<\/span><span class=\"wpmissue\">(1)<\/span>, <span class=\"wpmpages\">p. 592-597<\/span>, <span class=\"wpmurl\"><a target=\"_blank\" href=\"http:\/\/www.scopus.com\/inward\/record.url?eid=2-s2.0-71649083076&partnerID=40&md5=0ae4000693317cff9c656a0346d26728\"><span class=\"wpmurlurl\">url<\/span><\/a><\/span>, <span class=\"wpmurl\"><a target=\"_blank\" href=\"https:\/\/doi.org\/10.1016\/j.enpol.2009.10.011\"><span class=\"wpmurldoi:10.1016\/j.enpol.2009.10.011\">doi:10.1016\/j.enpol.2009.10.011<\/span><\/a><\/span><br clear='all'\/><\/p>\n<p class=\"wpmref\"><span class=\"wpmauthors\">K. Motz, H. Sterba, a. Pommerening<\/span> <span class=\"wpmyear\">(2010)<\/span> <span class=\"wpmtitle\">Sampling measures of tree diversity<\/span>, <span class=\"wpmoutlet\">Forest Ecology and Management<\/span> <span class=\"wpmvolume\">260<\/span><span class=\"wpmissue\">(11)<\/span>, <span class=\"wpmpages\">p. 1985-1996<\/span>, <span class=\"wpmpublisher\">Elsevier B.V.<\/span>, <span class=\"wpmurl\"><a target=\"_blank\" href=\"http:\/\/linkinghub.elsevier.com\/retrieve\/pii\/S0378112710005177\"><span class=\"wpmurlurl\">url<\/span><\/a><\/span>, <span class=\"wpmurl\"><a target=\"_blank\" href=\"https:\/\/doi.org\/10.1016\/j.foreco.2010.08.046\"><span class=\"wpmurldoi:10.1016\/j.foreco.2010.08.046\">doi:10.1016\/j.foreco.2010.08.046<\/span><\/a><\/span><br clear='all'\/><\/p>\n<p class=\"wpmref\"><span class=\"wpmauthors\">Susanne Winter, Hagen S. Fischer, Anton Fischer<\/span> <span class=\"wpmyear\">(2010)<\/span> <span class=\"wpmtitle\">Relative Quantitative Reference Approach for Naturalness Assessments of forests<\/span>, <span class=\"wpmoutlet\">Forest Ecology and Management<\/span> <span class=\"wpmvolume\">259<\/span><span class=\"wpmissue\">(8)<\/span>, <span class=\"wpmpages\">p. 1624-1632<\/span>, <span class=\"wpmpublisher\">Elsevier B.V.<\/span>, <span class=\"wpmurl\"><a target=\"_blank\" href=\"http:\/\/dx.doi.org\/10.1016\/j.foreco.2010.01.040\"><span class=\"wpmurlurl\">url<\/span><\/a><\/span>, <span class=\"wpmurl\"><a target=\"_blank\" href=\"https:\/\/doi.org\/10.1016\/j.foreco.2010.01.040\"><span class=\"wpmurldoi:10.1016\/j.foreco.2010.01.040\">doi:10.1016\/j.foreco.2010.01.040<\/span><\/a><\/span><br clear='all'\/><\/p>\n<p class=\"wpmref\"><span class=\"wpmauthors\">Yoan Paillet, Laurent Berg\u00e8s, Joakim Hj\u00c4lt\u00e9n, P\u00e9ter \u00d3dor, Catherine Avon, Markus Bernhardt-R\u00f6mermann, Rienk Jan Bijlsma, Luc De Bruyn, Marc Fuhr, Ulf Grandin, Robert Kanka, Lars Lundin, Sandra Luque, Tibor Magura, Silvia Matesanz, Ilona M\u00e9sz\u00e1ros, M. Teresa Sebasti\u00c0, Wolfgang Schmidt, Tibor Standov\u00e1r, B\u00e9la T\u00d3thm\u00e9r\u00e9sz, Anneli Uotila, Fernando Valladares, Kai Vellak, Risto Virtanen<\/span> <span class=\"wpmyear\">(2010)<\/span> <span class=\"wpmtitle\">Biodiversity differences between managed and unmanaged forests: Meta-analysis of species richness in Europe<\/span>, <span class=\"wpmoutlet\">Conservation Biology<\/span> <span class=\"wpmvolume\">24<\/span><span class=\"wpmissue\">(1)<\/span>, <span class=\"wpmpages\">p. 101-112<\/span>, <span class=\"wpmurl\"><a target=\"_blank\" href=\"https:\/\/doi.org\/10.1111\/j.1523-1739.2009.01399.x\"><span class=\"wpmurldoi:10.1111\/j.1523-1739.2009.01399.x\">doi:10.1111\/j.1523-1739.2009.01399.x<\/span><\/a><\/span><br clear='all'\/><\/p>\n<p class=\"wpmref\"><span class=\"wpmauthors\">Stuart H. M. Butchart, Walpole M, Collen B, van Strien A, Scharlemann JPW, Almond REA et Al.<\/span> <span class=\"wpmyear\">(2010)<\/span> <span class=\"wpmtitle\">Global Biodiversity: Indicators of Recent Declines<\/span>, <span class=\"wpmoutlet\">Science<\/span> <span class=\"wpmvolume\">328<\/span><span class=\"wpmissue\">(5982)<\/span>, <span class=\"wpmpages\">p. 1164-1168<\/span>, <span class=\"wpmurl\"><a target=\"_blank\" href=\"https:\/\/doi.org\/10.1126\/science.11875\"><span class=\"wpmurldoi:10.1126\/science.11875\">doi:10.1126\/science.11875<\/span><\/a><\/span><br clear='all'\/><\/p>\n<p class=\"wpmref\"><span class=\"wpmauthors\">Ramazan Ozcelik<\/span> <span class=\"wpmyear\">(2009)<\/span> <span class=\"wpmtitle\">Tree species diversity of natural mixed stands in eastern Black sea and western Mediterranean region of Turkey<\/span>, <span class=\"wpmoutlet\">Journal of Environmental Biology<\/span> <span class=\"wpmvolume\">30<\/span><span class=\"wpmissue\">(5)<\/span>, <span class=\"wpmpages\">p. 761-766<\/span><br clear='all'\/><\/p>\n<p class=\"wpmref\"><span class=\"wpmauthors\">Luca Scarnati, Fabio Attorre, Michele De Sanctis, Alessio Farcomeni, Fabio Francesconi, Marco Mancini, Franco Bruno<\/span> <span class=\"wpmyear\">(2009)<\/span> <span class=\"wpmtitle\">A multiple approach for the evaluation of the spatial distribution and dynamics of a forest habitat: the case of Apennine beech forests with Taxus baccata and Ilex aquifolium<\/span>, <span class=\"wpmoutlet\">Biodiversity and Conservation<\/span> <span class=\"wpmvolume\">18<\/span><span class=\"wpmissue\">(12)<\/span>, <span class=\"wpmpages\">p. 3099-3113<\/span>, <span class=\"wpmurl\"><a target=\"_blank\" href=\"http:\/\/link.springer.com\/10.1007\/s10531-009-9629-z\"><span class=\"wpmurlurl\">url<\/span><\/a><\/span>, <span class=\"wpmurl\"><a target=\"_blank\" href=\"https:\/\/doi.org\/10.1007\/s10531-009-9629-z\"><span class=\"wpmurldoi:10.1007\/s10531-009-9629-z\">doi:10.1007\/s10531-009-9629-z<\/span><\/a><\/span><br clear='all'\/><\/p>\n<p class=\"wpmref\"><span class=\"wpmauthors\">Xiangdong Lei, Weifeng Wang, Changhui Peng<\/span> <span class=\"wpmyear\">(2009)<\/span> <span class=\"wpmtitle\">Relationships between stand growth and structural diversity in spruce-dominated forests in New Brunswick, Canada<\/span>, <span class=\"wpmoutlet\">Canadian Journal of Forest Research<\/span> <span class=\"wpmvolume\">39<\/span><span class=\"wpmissue\">(10)<\/span>, <span class=\"wpmpages\">p. 1835-1847<\/span>, <span class=\"wpmurl\"><a target=\"_blank\" href=\"https:\/\/doi.org\/10.1139\/X09-089\"><span class=\"wpmurldoi:10.1139\/X09-089\">doi:10.1139\/X09-089<\/span><\/a><\/span><br clear='all'\/><\/p>\n<p class=\"wpmref\"><span class=\"wpmauthors\">Ernst-Detlef Schulze, Dominik Hessenmoeller, Alexander Knohl, Sebastiaan Luyssaert, Annett Boerner, John Grace<\/span> <span class=\"wpmyear\">(2009)<\/span> <span class=\"wpmtitle\">Temperate and Boreal Old-Growth Forests: How do Their Growth Dynamics and Biodiversity Differ from Young Stands and Managed Forests?<\/span>, <span class=\"wpmoutlet\">Old-Growth Forests<\/span>, <span class=\"wpmeditors\">M. Wirth, C., Gleixner, G., Heimann (ed.)<\/span>, <span class=\"wpmpages\">p. 343-366<\/span>, <span class=\"wpmpublisher\">Springer, Berlin, Heidelberg<\/span>, <span class=\"wpmurl\"><a target=\"_blank\" href=\"http:\/\/link.springer.com\/10.1007\/978-3-540-92706-8_15\"><span class=\"wpmurlurl\">url<\/span><\/a><\/span>, <span class=\"wpmurl\"><a target=\"_blank\" href=\"https:\/\/doi.org\/10.1007\/978-3-540-92706-8_15\"><span class=\"wpmurldoi:10.1007\/978-3-540-92706-8_15\">doi:10.1007\/978-3-540-92706-8_15<\/span><\/a><\/span><br clear='all'\/><\/p>\n<p class=\"wpmref\"><span class=\"wpmauthors\">Karin Perhans, Leif Appelgren, Fredrik Jonsson, Ulrika Nordin, Bo S\u00f6derstr\u00f6m, Lena Gustafsson<\/span> <span class=\"wpmyear\">(2009)<\/span> <span class=\"wpmtitle\">Retention patches as potential refugia for bryophytes and lichens in managed forest landscapes<\/span>, <span class=\"wpmoutlet\">Biological Conservation<\/span> <span class=\"wpmvolume\">142<\/span><span class=\"wpmissue\">(5)<\/span>, <span class=\"wpmpages\">p. 1125-1133<\/span>, <span class=\"wpmpublisher\">Elsevier Ltd<\/span>, <span class=\"wpmurl\"><a target=\"_blank\" href=\"http:\/\/dx.doi.org\/10.1016\/j.biocon.2008.12.033\"><span class=\"wpmurlurl\">url<\/span><\/a><\/span>, <span class=\"wpmurl\"><a target=\"_blank\" href=\"https:\/\/doi.org\/10.1016\/j.biocon.2008.12.033\"><span class=\"wpmurldoi:10.1016\/j.biocon.2008.12.033\">doi:10.1016\/j.biocon.2008.12.033<\/span><\/a><\/span><br clear='all'\/><\/p>\n<p class=\"wpmref\"><span class=\"wpmauthors\">Timo Kuuluvainen<\/span> <span class=\"wpmyear\">(2009)<\/span> <span class=\"wpmtitle\">Forest management and biodiversity conservation based on natural ecosystem dynamics in Northern Europe: The complexity challenge<\/span>, <span class=\"wpmoutlet\">Ambio<\/span> <span class=\"wpmvolume\">38<\/span><span class=\"wpmissue\">(6)<\/span>, <span class=\"wpmpages\">p. 309-315<\/span>, <span class=\"wpmurl\"><a target=\"_blank\" href=\"https:\/\/doi.org\/10.1579\/08-A-490.1\"><span class=\"wpmurldoi:10.1579\/08-A-490.1\">doi:10.1579\/08-A-490.1<\/span><\/a><\/span><br clear='all'\/><\/p>\n<p class=\"wpmref\"><span class=\"wpmauthors\">H. Sterba<\/span> <span class=\"wpmyear\">(2008)<\/span> <span class=\"wpmtitle\">Diversity indices based on angle count sampling and their interrelationships when used in forest inventories<\/span>, <span class=\"wpmoutlet\">Forestry<\/span> <span class=\"wpmvolume\">81<\/span><span class=\"wpmissue\">(5)<\/span>, <span class=\"wpmpages\">p. 587-597<\/span>, <span class=\"wpmurl\"><a target=\"_blank\" href=\"http:\/\/forestry.oxfordjournals.org\/cgi\/doi\/10.1093\/forestry\/cpn010\"><span class=\"wpmurlurl\">url<\/span><\/a><\/span>, <span class=\"wpmurl\"><a target=\"_blank\" href=\"https:\/\/doi.org\/10.1093\/forestry\/cpn010\"><span class=\"wpmurldoi:10.1093\/forestry\/cpn010\">doi:10.1093\/forestry\/cpn010<\/span><\/a><\/span><br clear='all'\/><\/p>\n<p class=\"wpmref\"><span class=\"wpmauthors\">Wallace Hui, R. Gel, Yulia, Joseph L. Gastwirth<\/span> <span class=\"wpmyear\">(2008)<\/span> <span class=\"wpmtitle\">lawstat : An R Package for Law, Public Policy and Biostatistics<\/span>, <span class=\"wpmoutlet\">Journal of Statistical Software<\/span> <span class=\"wpmvolume\">28<\/span><span class=\"wpmissue\">(3)<\/span>, <span class=\"wpmpages\">p. 1-26<\/span><br clear='all'\/><\/p>\n<p class=\"wpmref\"><span class=\"wpmauthors\">Olga Torras, Santiago Saura<\/span> <span class=\"wpmyear\">(2008)<\/span> <span class=\"wpmtitle\">Effects of silvicultural treatments on forest biodiversity indicators in the Mediterranean<\/span>, <span class=\"wpmoutlet\">Forest Ecology and Management<\/span> <span class=\"wpmvolume\">255<\/span><span class=\"wpmissue\">(8-9)<\/span>, <span class=\"wpmpages\">p. 3322-3330<\/span>, <span class=\"wpmurl\"><a target=\"_blank\" href=\"https:\/\/doi.org\/10.1016\/j.foreco.2008.02.013\"><span class=\"wpmurldoi:10.1016\/j.foreco.2008.02.013\">doi:10.1016\/j.foreco.2008.02.013<\/span><\/a><\/span><br clear='all'\/><\/p>\n<p class=\"wpmref\"><span class=\"wpmauthors\">George F. Smith, Tom Gittings, Mark Wilson, Laura French, Anne Oxbrough, Saoirse O'Donoghue, John O'Halloran, Daniel L. Kelly, Fraser J.G. Mitchell, Tom Kelly, Susan Iremonger, Anne Marie McKee, Paul Giller<\/span> <span class=\"wpmyear\">(2008)<\/span> <span class=\"wpmtitle\">Identifying practical indicators of biodiversity for stand-level management of plantation forests<\/span>, <span class=\"wpmoutlet\">Biodiversity and Conservation<\/span> <span class=\"wpmvolume\">17<\/span><span class=\"wpmissue\">(5)<\/span>, <span class=\"wpmpages\">p. 991-1015<\/span>, <span class=\"wpmurl\"><a target=\"_blank\" href=\"https:\/\/doi.org\/10.1007\/s10531-007-9274-3\"><span class=\"wpmurldoi:10.1007\/s10531-007-9274-3\">doi:10.1007\/s10531-007-9274-3<\/span><\/a><\/span><br clear='all'\/><\/p>\n<p class=\"wpmref\"><span class=\"wpmauthors\">K. L. O'Hara, H. Hasenauer, G. Kindermann<\/span> <span class=\"wpmyear\">(2007)<\/span> <span class=\"wpmtitle\">Sustainability in multi-aged stands: an analysis of long-term plenter systems<\/span>, <span class=\"wpmoutlet\">Forestry<\/span> <span class=\"wpmvolume\">80<\/span><span class=\"wpmissue\">(2)<\/span>, <span class=\"wpmpages\">p. 163-181<\/span>, <span class=\"wpmurl\"><a target=\"_blank\" href=\"http:\/\/forestry.oxfordjournals.org\/cgi\/doi\/10.1093\/forestry\/cpl051\"><span class=\"wpmurlurl\">url<\/span><\/a><\/span>, <span class=\"wpmurl\"><a target=\"_blank\" href=\"https:\/\/doi.org\/10.1093\/forestry\/cpl051\"><span class=\"wpmurldoi:10.1093\/forestry\/cpl051\">doi:10.1093\/forestry\/cpl051<\/span><\/a><\/span><br clear='all'\/><\/p>\n<p class=\"wpmref\"><span class=\"wpmauthors\">Kerrie A. Wilson, Emma C. Underwood, Scott A. Morrison, Kirk R. Klausmeyer, William W. Murdoch, Belinda Reyers, Grant Wardell-Johnson, Pablo A. Marquet, Phil W. Rundel, Marissa F. McBride, Robert L. Pressey, Michael Bode, Jon M. Hoekstra, Sandy Andelman, Michael Looker, Carlo Rondinini, Peter Kareiva, M. Rebecca Shaw, Hugh P. Possingham<\/span> <span class=\"wpmyear\">(2007)<\/span> <span class=\"wpmtitle\">Conserving Biodiversity Efficiently: What to Do, Where, and When<\/span>, <span class=\"wpmoutlet\">PLoS Biology<\/span> <span class=\"wpmvolume\">5<\/span><span class=\"wpmissue\">(9)<\/span>, <span class=\"wpmeditors\">Georgina M Mace (ed.)<\/span>, <span class=\"wpmpages\">p. e223<\/span>, <span class=\"wpmurl\"><a target=\"_blank\" href=\"https:\/\/dx.plos.org\/10.1371\/journal.pbio.0050223\"><span class=\"wpmurlurl\">url<\/span><\/a><\/span>, <span class=\"wpmurl\"><a target=\"_blank\" href=\"https:\/\/doi.org\/10.1371\/journal.pbio.0050223\"><span class=\"wpmurldoi:10.1371\/journal.pbio.0050223\">doi:10.1371\/journal.pbio.0050223<\/span><\/a><\/span><br clear='all'\/><\/p>\n<p class=\"wpmref\"><span class=\"wpmauthors\">Nils L. Lexer\u00f8d, Tron Eid<\/span> <span class=\"wpmyear\">(2006)<\/span> <span class=\"wpmtitle\">An evaluation of different diameter diversity indices based on criteria related to forest management planning<\/span>, <span class=\"wpmoutlet\">Forest Ecology and Management<\/span> <span class=\"wpmvolume\">222<\/span><span class=\"wpmissue\">(1-3)<\/span>, <span class=\"wpmpages\">p. 17-28<\/span>, <span class=\"wpmurl\"><a target=\"_blank\" href=\"http:\/\/linkinghub.elsevier.com\/retrieve\/pii\/S0378112705005979\"><span class=\"wpmurlurl\">url<\/span><\/a><\/span>, <span class=\"wpmurl\"><a target=\"_blank\" href=\"https:\/\/doi.org\/10.1016\/j.foreco.2005.10.046\"><span class=\"wpmurldoi:10.1016\/j.foreco.2005.10.046\">doi:10.1016\/j.foreco.2005.10.046<\/span><\/a><\/span><br clear='all'\/><\/p>\n<p class=\"wpmref\"><span class=\"wpmauthors\">Dan Binkley, Daniel M. Kashian, Suzanne Boyden, Margot W. Kaye, John B. Bradford, Mary a. Arthur, Paula J. Fornwalt, Michael G. Ryan<\/span> <span class=\"wpmyear\">(2006)<\/span> <span class=\"wpmtitle\">Patterns of growth dominance in forests of the Rocky Mountains, USA<\/span>, <span class=\"wpmoutlet\">Forest Ecology and Management<\/span> <span class=\"wpmvolume\">236<\/span><span class=\"wpmissue\">(2-3)<\/span>, <span class=\"wpmpages\">p. 193-201<\/span>, <span class=\"wpmurl\"><a target=\"_blank\" href=\"http:\/\/linkinghub.elsevier.com\/retrieve\/pii\/S0378112706008759\"><span class=\"wpmurlurl\">url<\/span><\/a><\/span>, <span class=\"wpmurl\"><a target=\"_blank\" href=\"https:\/\/doi.org\/10.1016\/j.foreco.2006.09.001\"><span class=\"wpmurldoi:10.1016\/j.foreco.2006.09.001\">doi:10.1016\/j.foreco.2006.09.001<\/span><\/a><\/span><br clear='all'\/><\/p>\n<p class=\"wpmref\"><span class=\"wpmauthors\">Jan Kozel<\/span> <span class=\"wpmyear\">(2006)<\/span> <span class=\"wpmtitle\">P\u0159evod holose\u010dn\u00e9ho hospod\u00e1\u0159sk\u00e9ho zp\u016fsobu na zp\u016fsob v\u00fdb\u011brn\u00fd<\/span>, <span class=\"wpmpages\">p. 155<\/span><br clear='all'\/><\/p>\n<p class=\"wpmref\"><span class=\"wpmauthors\">Hubert Sterba, Thomas Ledermann<\/span> <span class=\"wpmyear\">(2006)<\/span> <span class=\"wpmtitle\">Inventory and modelling for forests in transition from even-aged to uneven-aged management<\/span>, <span class=\"wpmoutlet\">Forest Ecology and Management<\/span> <span class=\"wpmvolume\">224<\/span><span class=\"wpmissue\">(3)<\/span>, <span class=\"wpmpages\">p. 278-285<\/span>, <span class=\"wpmurl\"><a target=\"_blank\" href=\"http:\/\/apps.isiknowledge.com\/full_record.do?product=WOS&search_mode=Refine&qid=2&SID=P1rq26wnpfPeH6FIXmE&page=3&doc=119\"><span class=\"wpmurlurl\">url<\/span><\/a><\/span><br clear='all'\/><\/p>\n<p class=\"wpmref\"><span class=\"wpmauthors\">John M. Hagan, Andrew A. Whitman<\/span> <span class=\"wpmyear\">(2006)<\/span> <span class=\"wpmtitle\">Biodiversity indicators for sustainable forestry: Simplifying complexity<\/span>, <span class=\"wpmoutlet\">Journal of Forestry<\/span> <span class=\"wpmvolume\">104<\/span><span class=\"wpmissue\">(4)<\/span>, <span class=\"wpmpages\">p. 203-210<\/span><br clear='all'\/><\/p>\n<p class=\"wpmref\"><span class=\"wpmauthors\">R Dud\u00edk<\/span> <span class=\"wpmyear\">(2005)<\/span> <span class=\"wpmtitle\">Economic aspects of the selection system of management at the Masaryk Forest Training Forest Enterprise K\u0159tiny<\/span>, <span class=\"wpmoutlet\">Journal of Forest Science<\/span> <span class=\"wpmvolume\">51<\/span><span class=\"wpmissue\">(1)<\/span>, <span class=\"wpmpages\">p. 24-36<\/span><br clear='all'\/><\/p>\n<p class=\"wpmref\"><span class=\"wpmauthors\">Valerie LeMay, Christina Staudhammer<\/span> <span class=\"wpmyear\">(2005)<\/span> <span class=\"wpmtitle\">Indices of stand structural diversity: mixing discrete, continuous, and spatial variables<\/span>, <span class=\"wpmoutlet\">Sustainable Forestry in Theory & Practice: Recent Advances in Inventory & Monitoring Conference<\/span> <span class=\"wpmvolume\">?<\/span><span class=\"wpmissue\">(?)<\/span>, <span class=\"wpmpages\">p. 1-22<\/span>, <span class=\"wpmpublisher\">Presented at the IUFRO Sustainable Forestry in Theory & Practice: Recent Advances in Inventory & Monitoring Conference, April 5 to 8, 2005, Edinburgh, UK<\/span><br clear='all'\/><\/p>\n<p class=\"wpmref\"><span class=\"wpmauthors\">Hubert Sterba<\/span> <span class=\"wpmyear\">(2004)<\/span> <span class=\"wpmtitle\">Equilibrium Curves and Growth Models to Deal with Forests in Transition to Uneven-Aged Structure \u2013 Application in Two Sample Stands<\/span>, <span class=\"wpmoutlet\">Silva Fennica<\/span> <span class=\"wpmvolume\">38<\/span><span class=\"wpmissue\">(4)<\/span>, <span class=\"wpmpages\">p. 413-423<\/span><br clear='all'\/><\/p>\n<p class=\"wpmref\"><span class=\"wpmauthors\">Lars Lundqvist<\/span> <span class=\"wpmyear\">(2004)<\/span> <span class=\"wpmtitle\">Stand development in uneven-aged sub-alpine Picea abies stands after partial harvest estimated from repeated surveys<\/span>, <span class=\"wpmoutlet\">Forestry<\/span> <span class=\"wpmvolume\">77<\/span><span class=\"wpmissue\">(2)<\/span>, <span class=\"wpmpages\">p. 119-129<\/span><br clear='all'\/><\/p>\n<p class=\"wpmref\"><span class=\"wpmauthors\">N. Lexer\u00f8d, T. Eid<\/span> <span class=\"wpmyear\">(2004)<\/span> <span class=\"wpmtitle\">Potensielt areal for selektive hogster i barskog - en kvantifisering basert pa\u02da Landsskogtakseringens pr\u00f8veflate<\/span>, <span class=\"wpmpages\">p. 1-35<\/span>, <span class=\"wpmpublisher\">Rapport fra skogforskningen 7 (04)<\/span><br clear='all'\/><\/p>\n<p class=\"wpmref\"><span class=\"wpmauthors\">Per Angelstam, Monika Donz-Breuss<\/span> <span class=\"wpmyear\">(2004)<\/span> <span class=\"wpmtitle\">Measuring Forest Biodiversity at the Stand Scale : An Evaluation of Indicators in European Forest History Gradients<\/span>, <span class=\"wpmoutlet\">Ecological Bulletins<\/span><span class=\"wpmissue\">(51)<\/span>, <span class=\"wpmpages\">p. 305-332<\/span>, <span class=\"wpmurl\"><a target=\"_blank\" href=\"https:\/\/doi.org\/10.2307\/20113319\"><span class=\"wpmurldoi:10.2307\/20113319\">doi:10.2307\/20113319<\/span><\/a><\/span><br clear='all'\/><\/p>\n<p class=\"wpmref\"><span class=\"wpmauthors\">A. Pommerening<\/span> <span class=\"wpmyear\">(2002)<\/span> <span class=\"wpmtitle\">Approaches to quantifying forest structures<\/span>, <span class=\"wpmoutlet\">Forestry<\/span> <span class=\"wpmvolume\">75<\/span><span class=\"wpmissue\">(3)<\/span>, <span class=\"wpmpages\">p. 305-324<\/span>, <span class=\"wpmurl\"><a target=\"_blank\" href=\"https:\/\/doi.org\/10.1093\/forestry\/75.3.305\"><span class=\"wpmurldoi:10.1093\/forestry\/75.3.305\">doi:10.1093\/forestry\/75.3.305<\/span><\/a><\/span><br clear='all'\/><\/p>\n<p class=\"wpmref\"><span class=\"wpmauthors\">David B. Lindenmayer, Jerry F. Franklin<\/span> <span class=\"wpmyear\">(2002)<\/span> <span class=\"wpmtitle\">Conserving Forest Biodiversity: a Comprehensive Multiscaled Approach<\/span>, <span class=\"wpmpages\">p. 352<\/span>, <span class=\"wpmpublisher\">Washington: Island Press<\/span><br clear='all'\/><\/p>\n<p class=\"wpmref\"><span class=\"wpmauthors\">Hansheinrich Bachofen, Andreas Zingg<\/span> <span class=\"wpmyear\">(2001)<\/span> <span class=\"wpmtitle\">Effectiveness of structure improvement thinning on stand structure in subalpine Norway spruce (Picea abies (L.) Karst.) stands<\/span>, <span class=\"wpmoutlet\">Forest Ecology and Management<\/span> <span class=\"wpmvolume\">145<\/span><span class=\"wpmissue\">(1-2)<\/span>, <span class=\"wpmpages\">p. 137-149<\/span>, <span class=\"wpmurl\"><a target=\"_blank\" href=\"http:\/\/linkinghub.elsevier.com\/retrieve\/pii\/S0378112700005818\"><span class=\"wpmurlurl\">url<\/span><\/a><\/span>, <span class=\"wpmurl\"><a target=\"_blank\" href=\"https:\/\/doi.org\/10.1016\/S0378-1127(00)00581-8\"><span class=\"wpmurldoi:10.1016\/S0378-1127(00)00581-8\">doi:10.1016\/S0378-1127(00)00581-8<\/span><\/a><\/span><br clear='all'\/><\/p>\n<p class=\"wpmref\"><span class=\"wpmauthors\">Christina Lynn Staudhammer, Valerie Marie LeMay<\/span> <span class=\"wpmyear\">(2001)<\/span> <span class=\"wpmtitle\">Introduction and evaluation of possible indices of stand structural diversity<\/span>, <span class=\"wpmoutlet\">Canadian Journal of Forest Research<\/span> <span class=\"wpmvolume\">31<\/span><span class=\"wpmissue\">(7)<\/span>, <span class=\"wpmpages\">p. 1105-1115<\/span>, <span class=\"wpmurl\"><a target=\"_blank\" href=\"http:\/\/www.nrc.ca\/cgi-bin\/cisti\/journals\/rp\/rp2_abst_e?cjfr_x01-033_31_ns_nf_cjfr31-01\"><span class=\"wpmurlurl\">url<\/span><\/a><\/span>, <span class=\"wpmurl\"><a target=\"_blank\" href=\"https:\/\/doi.org\/10.1139\/cjfr-31-7-1105\"><span class=\"wpmurldoi:10.1139\/cjfr-31-7-1105\">doi:10.1139\/cjfr-31-7-1105<\/span><\/a><\/span><br clear='all'\/><\/p>\n<p class=\"wpmref\"><span class=\"wpmauthors\">Markus Neumann, Franz Starlinger<\/span> <span class=\"wpmyear\">(2001)<\/span> <span class=\"wpmtitle\">The significance of different indices for stand structure and diversity in forests<\/span>, <span class=\"wpmoutlet\">Forest Ecology and Management<\/span> <span class=\"wpmvolume\">145<\/span><span class=\"wpmissue\">(1-2)<\/span>, <span class=\"wpmpages\">p. 91-106<\/span>, <span class=\"wpmurl\"><a target=\"_blank\" href=\"https:\/\/doi.org\/10.1016\/S0378-1127(00)00577-6\"><span class=\"wpmurldoi:10.1016\/S0378-1127(00)00577-6\">doi:10.1016\/S0378-1127(00)00577-6<\/span><\/a><\/span><br clear='all'\/><\/p>\n<p class=\"wpmref\"><span class=\"wpmauthors\">E Fernandez-Juricic, J Jokimaki<\/span> <span class=\"wpmyear\">(2001)<\/span> <span class=\"wpmtitle\">A habitat island approach to conserving birds in urban landscapes: case studies from southern and northern Europe<\/span>, <span class=\"wpmoutlet\">Biodiversity and Conservation<\/span> <span class=\"wpmvolume\">10<\/span><span class=\"wpmissue\">(12)<\/span>, <span class=\"wpmpages\">p. 2023-2043<\/span>, <span class=\"wpmurl\"><a target=\"_blank\" href=\"isi:000172590500002\"><span class=\"wpmurlurl\">url<\/span><\/a><\/span><br clear='all'\/><\/p>\n<p class=\"wpmref\"><span class=\"wpmauthors\">Christian Damgaard, Jacob Weiner<\/span> <span class=\"wpmyear\">(2000)<\/span> <span class=\"wpmtitle\">Describing Inequality in Plant Size or Fecundity<\/span>, <span class=\"wpmoutlet\">Ecology<\/span> <span class=\"wpmvolume\">81<\/span><span class=\"wpmissue\">(4)<\/span>, <span class=\"wpmpages\">p. 1139-1142<\/span><br clear='all'\/><\/p>\n<p class=\"wpmref\"><span class=\"wpmauthors\">J. Parviainen, W. B\u00fccking, K. Vandekerkhove, A. Schuck, R. P\u00e4ivinen<\/span> <span class=\"wpmyear\">(2000)<\/span> <span class=\"wpmtitle\">Strict forest reserves in Europe: Efforts to enhance biodiversity and research on forests left for free development in Europe (EU-COST-Action E4)<\/span>, <span class=\"wpmoutlet\">Forestry<\/span> <span class=\"wpmvolume\">73<\/span><span class=\"wpmissue\">(2)<\/span>, <span class=\"wpmpages\">p. 107-118<\/span>, <span class=\"wpmurl\"><a target=\"_blank\" href=\"https:\/\/doi.org\/10.1093\/forestry\/73.2.107\"><span class=\"wpmurldoi:10.1093\/forestry\/73.2.107\">doi:10.1093\/forestry\/73.2.107<\/span><\/a><\/span><br clear='all'\/><\/p>\n<p class=\"wpmref\"><span class=\"wpmauthors\">Tom\u00e1\u0161 Ku\u010dera<\/span> <span class=\"wpmyear\">(2000)<\/span> <span class=\"wpmtitle\">Krajina a vliv \u010dlov\u011bka<\/span>, <span class=\"wpmoutlet\">?<\/span><br clear='all'\/><\/p>\n<p class=\"wpmref\"><span class=\"wpmauthors\">Jakub Hor\u00e1k, Lenka \u0160af\u00e1\u0159ov\u00e1, Ji\u0159\u00ed \u0158ehounek, Milan Boukal, Miroslav Svoboda<\/span> <span class=\"wpmyear\">()<\/span> <span class=\"wpmtitle\">Chaos, mozaika a trocha nepo\u0159\u00e1dku aneb pohled na p\u00e9\u010di o krajinu<\/span><br clear='all'\/><\/p>\n<p class=\"wpmref\"><span class=\"wpmauthors\">W. Scherzinger<\/span> <span class=\"wpmyear\">(1996)<\/span> <span class=\"wpmtitle\">Naturschutz im Wald: Qualit\u00e4tsziele einer dynamischen Waldentwicklung. Praktischer Naturschutz.<\/span>, <span class=\"wpmpages\">p. 447<\/span>, <span class=\"wpmpublisher\">Ulmer, Stuttgart, Germany: Verlag Eugen Ulmer<\/span><br clear='all'\/><\/p>\n<p class=\"wpmref\"><span class=\"wpmauthors\">J. Truhl\u00e1\u0159<\/span> <span class=\"wpmyear\">(1995)<\/span> <span class=\"wpmtitle\">Results of conversions to the selection forest in the Masaryk\u016fv les Training Forest Enterprise<\/span>, <span class=\"wpmoutlet\">Lesnictv\u00ed-Forestry<\/span> <span class=\"wpmvolume\">41<\/span><span class=\"wpmissue\">(3)<\/span>, <span class=\"wpmpages\">p. 97-107<\/span><br clear='all'\/><\/p>\n<p class=\"wpmref\"><span class=\"wpmauthors\">Robert G. Knox, Robert K. Peet, Norman L. Christensen<\/span> <span class=\"wpmyear\">(1989)<\/span> <span class=\"wpmtitle\">Population Dynamics in Loblolly Pine Stands: Changes in Skewness and Size Inequality<\/span>, <span class=\"wpmoutlet\">Ecology<\/span> <span class=\"wpmvolume\">70<\/span><span class=\"wpmissue\">(4)<\/span>, <span class=\"wpmpages\">p. 1153-1167<\/span><br clear='all'\/><\/p>\n<p class=\"wpmref\"><span class=\"wpmauthors\">Philip M. Dixon, Jacob Weiner, Thomas Mitchell-olds, Robert Woodley<\/span> <span class=\"wpmyear\">(1987)<\/span> <span class=\"wpmtitle\">Bootstrapping the Gini Coefficient of Inequality<\/span>, <span class=\"wpmoutlet\">Ecology<\/span> <span class=\"wpmvolume\">68<\/span><span class=\"wpmissue\">(5)<\/span>, <span class=\"wpmpages\">p. 1548-1551<\/span><br clear='all'\/><\/p>\n<p class=\"wpmref\"><span class=\"wpmauthors\">Philip M. Dixon, Jacob Weiner, Thomas Mitchell-Olds, Robert Woodley<\/span> <span class=\"wpmyear\">(1987)<\/span> <span class=\"wpmtitle\">Bootstrapping the Gini coefficient of inequality<\/span>, <span class=\"wpmoutlet\">Ecology<\/span> <span class=\"wpmvolume\">68<\/span><span class=\"wpmissue\">(5)<\/span>, <span class=\"wpmpages\">p. 1548-1551<\/span><br clear='all'\/><\/p>\n<p class=\"wpmref\"><span class=\"wpmauthors\">Jacob Weiner, Otto T. Solbrig<\/span> <span class=\"wpmyear\">(1984)<\/span> <span class=\"wpmtitle\">The meaning and measurement of size hierarchies in plant populations<\/span>, <span class=\"wpmoutlet\">Oecologia<\/span> <span class=\"wpmvolume\">61<\/span>, <span class=\"wpmpages\">p. 334-336<\/span><br clear='all'\/><\/p>\n<p class=\"wpmref\"><span class=\"wpmauthors\">C E Van Wagner<\/span> <span class=\"wpmyear\">(1982)<\/span> <span class=\"wpmtitle\">Practical Aspects of the Line Intersect Method<\/span>, <span class=\"wpmpages\">p. 1-11<\/span><br clear='all'\/><\/p>\n<p class=\"wpmref\"><span class=\"wpmauthors\">Corrado Gini<\/span> <span class=\"wpmyear\">(1921)<\/span> <span class=\"wpmtitle\">Measurement of Inequality of Incomes<\/span>, <span class=\"wpmoutlet\">The Economic Journal<\/span> <span class=\"wpmvolume\">31<\/span><span class=\"wpmissue\">(121)<\/span>, <span class=\"wpmpages\">p. 124-126<\/span><br clear='all'\/><\/p>\n<p class=\"wpmref\"><span class=\"wpmauthors\">C. Gini<\/span> <span class=\"wpmyear\">(1912)<\/span> <span class=\"wpmtitle\">Variabilit\u00e0 e mutabilit\u00e0<\/span>, <span class=\"wpmoutlet\">Memorie di metodologica statistica, 1955<\/span>, <span class=\"wpmeditors\">E. Pizetti, T. Salvemini (ed.)<\/span>, <span class=\"wpmpublisher\">Libreria Eredi Virgilio Veschi, Rome, Italy<\/span><br clear='all'\/><\/p>\n<p class=\"wpmref\"><span class=\"wpmauthors\">M. O. Lorenz<\/span> <span class=\"wpmyear\">(1905)<\/span> <span class=\"wpmtitle\">Methods of Measuring the Concentration of Wealth<\/span>, <span class=\"wpmoutlet\">Publication of the American Statistical Association<\/span> <span class=\"wpmvolume\">9<\/span><span class=\"wpmissue\">(70)<\/span>, <span class=\"wpmpages\">p. 209-219<\/span><br clear='all'\/><\/p>\n\n","protected":false},"excerpt":{"rendered":"<p>Automaticky generov\u00e1no z priv\u00e1tn\u00edho prost\u0159ed\u00ed datab\u00e1ze Mendeley (se\u0159azeno sestupn\u011b podle nejnov\u011bj\u0161\u00edch publikac\u00ed).<\/p>\n","protected":false},"author":4,"featured_media":0,"parent":225,"menu_order":0,"comment_status":"closed","ping_status":"closed","template":"","meta":{"zakra_page_container_layout":"customizer","zakra_page_sidebar_layout":"customizer","zakra_remove_content_margin":false,"zakra_sidebar":"customizer","zakra_transparent_header":"customizer","zakra_logo":0,"zakra_main_header_style":"default","zakra_menu_item_color":"","zakra_menu_item_hover_color":"","zakra_menu_item_active_color":"","zakra_menu_active_style":"","zakra_page_header":true,"footnotes":""},"class_list":["post-2320","page","type-page","status-publish","hentry"],"_links":{"self":[{"href":"https:\/\/hul2.mendelu.cz\/index.php?rest_route=\/wp\/v2\/pages\/2320","targetHints":{"allow":["GET"]}}],"collection":[{"href":"https:\/\/hul2.mendelu.cz\/index.php?rest_route=\/wp\/v2\/pages"}],"about":[{"href":"https:\/\/hul2.mendelu.cz\/index.php?rest_route=\/wp\/v2\/types\/page"}],"author":[{"embeddable":true,"href":"https:\/\/hul2.mendelu.cz\/index.php?rest_route=\/wp\/v2\/users\/4"}],"replies":[{"embeddable":true,"href":"https:\/\/hul2.mendelu.cz\/index.php?rest_route=%2Fwp%2Fv2%2Fcomments&post=2320"}],"version-history":[{"count":8,"href":"https:\/\/hul2.mendelu.cz\/index.php?rest_route=\/wp\/v2\/pages\/2320\/revisions"}],"predecessor-version":[{"id":2334,"href":"https:\/\/hul2.mendelu.cz\/index.php?rest_route=\/wp\/v2\/pages\/2320\/revisions\/2334"}],"up":[{"embeddable":true,"href":"https:\/\/hul2.mendelu.cz\/index.php?rest_route=\/wp\/v2\/pages\/225"}],"wp:attachment":[{"href":"https:\/\/hul2.mendelu.cz\/index.php?rest_route=%2Fwp%2Fv2%2Fmedia&parent=2320"}],"curies":[{"name":"wp","href":"https:\/\/api.w.org\/{rel}","templated":true}]}}